{"id":410,"date":"2022-11-08T17:15:12","date_gmt":"2022-11-08T17:15:12","guid":{"rendered":"https:\/\/www.belbex.be\/home\/"},"modified":"2024-08-30T14:45:23","modified_gmt":"2024-08-30T14:45:23","slug":"home","status":"publish","type":"page","link":"https:\/\/www.belbex.be\/de\/","title":{"rendered":"Home"},"content":{"rendered":"\t\t<div data-elementor-type=\"wp-page\" data-elementor-id=\"410\" class=\"elementor elementor-410 elementor-2\" data-elementor-post-type=\"page\">\n\t\t\t\t\t\t<section class=\"elementor-section elementor-top-section elementor-element elementor-element-5f80bd5 elementor-section-boxed elementor-section-height-default elementor-section-height-default\" data-id=\"5f80bd5\" data-element_type=\"section\" id=\"home\" data-settings=\"{&quot;background_background&quot;:&quot;classic&quot;}\">\n\t\t\t\t\t\t<div class=\"elementor-container elementor-column-gap-default\">\n\t\t\t\t\t<div class=\"elementor-column elementor-col-100 elementor-top-column elementor-element elementor-element-da77ced\" data-id=\"da77ced\" data-element_type=\"column\">\n\t\t\t<div class=\"elementor-widget-wrap elementor-element-populated\">\n\t\t\t\t\t\t<section class=\"elementor-section elementor-inner-section elementor-element elementor-element-d96776b elementor-section-boxed elementor-section-height-default elementor-section-height-default\" data-id=\"d96776b\" data-element_type=\"section\">\n\t\t\t\t\t\t<div class=\"elementor-container elementor-column-gap-no\">\n\t\t\t\t\t<div class=\"elementor-column elementor-col-50 elementor-inner-column elementor-element elementor-element-65ae04c\" data-id=\"65ae04c\" data-element_type=\"column\">\n\t\t\t<div class=\"elementor-widget-wrap elementor-element-populated\">\n\t\t\t\t\t\t<div class=\"elementor-element elementor-element-b15cd41 elementor-widget elementor-widget-image\" data-id=\"b15cd41\" data-element_type=\"widget\" data-widget_type=\"image.default\">\n\t\t\t\t<div class=\"elementor-widget-container\">\n\t\t\t\t\t\t\t\t\t\t\t\t\t\t\t<img fetchpriority=\"high\" decoding=\"async\" width=\"345\" height=\"231\" src=\"https:\/\/www.belbex.be\/wp-content\/uploads\/2022\/11\/i_about.jpeg\" class=\"attachment-medium_large size-medium_large wp-image-228\" alt=\"\" srcset=\"https:\/\/www.belbex.be\/wp-content\/uploads\/2022\/11\/i_about.jpeg 345w, https:\/\/www.belbex.be\/wp-content\/uploads\/2022\/11\/i_about-300x201.jpeg 300w\" sizes=\"(max-width: 345px) 100vw, 345px\" \/>\t\t\t\t\t\t\t\t\t\t\t\t\t\t\t<\/div>\n\t\t\t\t<\/div>\n\t\t\t\t\t<\/div>\n\t\t<\/div>\n\t\t\t\t<div class=\"elementor-column elementor-col-50 elementor-inner-column elementor-element elementor-element-383a45d\" data-id=\"383a45d\" data-element_type=\"column\">\n\t\t\t<div class=\"elementor-widget-wrap elementor-element-populated\">\n\t\t\t\t\t\t<div class=\"elementor-element elementor-element-34f7857 elementor-widget elementor-widget-heading\" data-id=\"34f7857\" data-element_type=\"widget\" data-widget_type=\"heading.default\">\n\t\t\t\t<div class=\"elementor-widget-container\">\n\t\t\t\t\t<h1 class=\"elementor-heading-title elementor-size-default\">Belbex<\/h1>\t\t\t\t<\/div>\n\t\t\t\t<\/div>\n\t\t\t\t<div class=\"elementor-element elementor-element-bd6aab6 elementor-widget elementor-widget-text-editor\" data-id=\"bd6aab6\" data-element_type=\"widget\" data-widget_type=\"text-editor.default\">\n\t\t\t\t<div class=\"elementor-widget-container\">\n\t\t\t\t\t\t\t\t\t<p>Belbex ist die Vereinigung belgischer exportorientierter Baumschulbetriebe. Diese Betriebe bieten Ihnen ein vollst\u00e4ndiges Sortiment Baumschulerzeugnisse: Zierpflanzen, Rosen, Forst- und Heckenpflanzen und Obstgeh\u00f6lze.<\/p><p>Belbex vertritt die spezifischen wirtschaftlichen Interessen seiner Mitglieder.<\/p>\t\t\t\t\t\t\t\t<\/div>\n\t\t\t\t<\/div>\n\t\t\t\t<div class=\"elementor-element elementor-element-b62c4c6 elementor-widget elementor-widget-image\" data-id=\"b62c4c6\" data-element_type=\"widget\" data-widget_type=\"image.default\">\n\t\t\t\t<div class=\"elementor-widget-container\">\n\t\t\t\t\t\t\t\t\t\t\t\t\t\t\t\t<a href=\"https:\/\/www.youtube.com\/channel\/UC4Mz5hDpWekkjTPdvrCB9qw\" target=\"_blank\">\n\t\t\t\t\t\t\t<img decoding=\"async\" width=\"380\" height=\"85\" src=\"https:\/\/www.belbex.be\/wp-content\/uploads\/2022\/11\/youtube-white.svg\" class=\"attachment-large size-large wp-image-236\" alt=\"\" \/>\t\t\t\t\t\t\t\t<\/a>\n\t\t\t\t\t\t\t\t\t\t\t\t\t\t\t<\/div>\n\t\t\t\t<\/div>\n\t\t\t\t\t<\/div>\n\t\t<\/div>\n\t\t\t\t\t<\/div>\n\t\t<\/section>\n\t\t\t\t\t<\/div>\n\t\t<\/div>\n\t\t\t\t\t<\/div>\n\t\t<\/section>\n\t\t\t\t<section class=\"elementor-section elementor-top-section elementor-element elementor-element-edf7c79 elementor-section-boxed elementor-section-height-default elementor-section-height-default\" data-id=\"edf7c79\" data-element_type=\"section\" id=\"belgische-kwaliteit\" data-settings=\"{&quot;background_background&quot;:&quot;classic&quot;}\">\n\t\t\t\t\t\t<div class=\"elementor-container elementor-column-gap-default\">\n\t\t\t\t\t<div class=\"elementor-column elementor-col-100 elementor-top-column elementor-element elementor-element-54454f3\" data-id=\"54454f3\" data-element_type=\"column\">\n\t\t\t<div class=\"elementor-widget-wrap elementor-element-populated\">\n\t\t\t\t\t\t<section class=\"elementor-section elementor-inner-section elementor-element elementor-element-3b8024a elementor-section-boxed elementor-section-height-default elementor-section-height-default\" data-id=\"3b8024a\" data-element_type=\"section\">\n\t\t\t\t\t\t<div class=\"elementor-container elementor-column-gap-no\">\n\t\t\t\t\t<div class=\"elementor-column elementor-col-50 elementor-inner-column elementor-element elementor-element-13c797e\" data-id=\"13c797e\" data-element_type=\"column\">\n\t\t\t<div class=\"elementor-widget-wrap elementor-element-populated\">\n\t\t\t\t\t\t<div class=\"elementor-element elementor-element-882f09c elementor-widget elementor-widget-image\" data-id=\"882f09c\" data-element_type=\"widget\" data-widget_type=\"image.default\">\n\t\t\t\t<div class=\"elementor-widget-container\">\n\t\t\t\t\t\t\t\t\t\t\t\t\t\t\t<img decoding=\"async\" width=\"335\" height=\"335\" src=\"https:\/\/www.belbex.be\/wp-content\/uploads\/2022\/11\/i_brugge.jpeg\" class=\"attachment-large size-large wp-image-240\" alt=\"\" srcset=\"https:\/\/www.belbex.be\/wp-content\/uploads\/2022\/11\/i_brugge.jpeg 335w, https:\/\/www.belbex.be\/wp-content\/uploads\/2022\/11\/i_brugge-300x300.jpeg 300w, https:\/\/www.belbex.be\/wp-content\/uploads\/2022\/11\/i_brugge-150x150.jpeg 150w\" sizes=\"(max-width: 335px) 100vw, 335px\" \/>\t\t\t\t\t\t\t\t\t\t\t\t\t\t\t<\/div>\n\t\t\t\t<\/div>\n\t\t\t\t\t<\/div>\n\t\t<\/div>\n\t\t\t\t<div class=\"elementor-column elementor-col-50 elementor-inner-column elementor-element elementor-element-9883de3\" data-id=\"9883de3\" data-element_type=\"column\">\n\t\t\t<div class=\"elementor-widget-wrap elementor-element-populated\">\n\t\t\t\t\t\t<div class=\"elementor-element elementor-element-302d6c9 elementor-widget elementor-widget-heading\" data-id=\"302d6c9\" data-element_type=\"widget\" data-widget_type=\"heading.default\">\n\t\t\t\t<div class=\"elementor-widget-container\">\n\t\t\t\t\t<h2 class=\"elementor-heading-title elementor-size-default\">Belgische Qualit\u00e4t,\nIhre Garantie<\/h2>\t\t\t\t<\/div>\n\t\t\t\t<\/div>\n\t\t\t\t<div class=\"elementor-element elementor-element-e9b3bb1 elementor-widget elementor-widget-text-editor\" data-id=\"e9b3bb1\" data-element_type=\"widget\" data-widget_type=\"text-editor.default\">\n\t\t\t\t<div class=\"elementor-widget-container\">\n\t\t\t\t\t\t\t\t\t<p>Auf dem gro\u00dfen Marktplatz der kulturhistorischen Stadt Br\u00fcgge sorgten majest\u00e4tische Lorbeeren und Hydrangea Pinky Winky f\u00fcr ein gr\u00fcnes Spektakel. Eine meisterhafte Inszenierung des Floristen Dani\u00ebl Ost, fotografiert in einer kreativen Globographie. Die Welt wird gr\u00fcner durch die Kombination diverser Handwerksk\u00fcnste.<\/p><p>Die Mitglieder von Belbex punkten durch:<\/p><ol><li>Qualit\u00e4t<\/li><li>Innovation<\/li><li>Eine breite Palette an Baumschulerzeugnissen<\/li><\/ol>\t\t\t\t\t\t\t\t<\/div>\n\t\t\t\t<\/div>\n\t\t\t\t\t<\/div>\n\t\t<\/div>\n\t\t\t\t\t<\/div>\n\t\t<\/section>\n\t\t\t\t<div class=\"elementor-element elementor-element-136822e elementor-arrows-position-inside elementor-pagination-position-outside elementor-widget elementor-widget-image-carousel\" data-id=\"136822e\" data-element_type=\"widget\" data-settings=\"{&quot;slides_to_show&quot;:&quot;3&quot;,&quot;navigation&quot;:&quot;both&quot;,&quot;autoplay&quot;:&quot;yes&quot;,&quot;pause_on_hover&quot;:&quot;yes&quot;,&quot;pause_on_interaction&quot;:&quot;yes&quot;,&quot;autoplay_speed&quot;:5000,&quot;infinite&quot;:&quot;yes&quot;,&quot;speed&quot;:500}\" data-widget_type=\"image-carousel.default\">\n\t\t\t\t<div class=\"elementor-widget-container\">\n\t\t\t\t\t\t\t<div class=\"elementor-image-carousel-wrapper swiper\" role=\"region\" aria-roledescription=\"carousel\" aria-label=\"Bild Karussell\" dir=\"ltr\">\n\t\t\t<div class=\"elementor-image-carousel swiper-wrapper swiper-image-stretch\" aria-live=\"off\">\n\t\t\t\t\t\t\t\t<div class=\"swiper-slide\" role=\"group\" aria-roledescription=\"slide\" aria-label=\"1 von 14\"><a data-elementor-open-lightbox=\"yes\" data-elementor-lightbox-slideshow=\"136822e\" data-elementor-lightbox-title=\"SONY DSC\" data-e-action-hash=\"#elementor-action%3Aaction%3Dlightbox%26settings%3DeyJpZCI6MjQ0LCJ1cmwiOiJodHRwczpcL1wvd3d3LmJlbGJleC5iZVwvd3AtY29udGVudFwvdXBsb2Fkc1wvMjAyMlwvMTFcL2JlbGJleF8wMDEuanBlZyIsInNsaWRlc2hvdyI6IjEzNjgyMmUifQ%3D%3D\" href=\"https:\/\/www.belbex.be\/wp-content\/uploads\/2022\/11\/belbex_001.jpeg\"><figure class=\"swiper-slide-inner\"><img decoding=\"async\" class=\"swiper-slide-image\" src=\"https:\/\/www.belbex.be\/wp-content\/uploads\/elementor\/thumbs\/belbex_001-q11nwufwolylheq8t0ms6lfkz85f4vh1ob1pm5g5rc.jpeg\" alt=\"SONY DSC\" \/><\/figure><\/a><\/div><div class=\"swiper-slide\" role=\"group\" aria-roledescription=\"slide\" aria-label=\"2 von 14\"><a data-elementor-open-lightbox=\"yes\" data-elementor-lightbox-slideshow=\"136822e\" data-elementor-lightbox-title=\"OLYMPUS DIGITAL CAMERA\" data-e-action-hash=\"#elementor-action%3Aaction%3Dlightbox%26settings%3DeyJpZCI6MjQ4LCJ1cmwiOiJodHRwczpcL1wvd3d3LmJlbGJleC5iZVwvd3AtY29udGVudFwvdXBsb2Fkc1wvMjAyMlwvMTFcL2JlbGJleF8wMDIuanBlZyIsInNsaWRlc2hvdyI6IjEzNjgyMmUifQ%3D%3D\" href=\"https:\/\/www.belbex.be\/wp-content\/uploads\/2022\/11\/belbex_002.jpeg\"><figure class=\"swiper-slide-inner\"><img decoding=\"async\" class=\"swiper-slide-image\" src=\"https:\/\/www.belbex.be\/wp-content\/uploads\/elementor\/thumbs\/belbex_002-q11nwufwolylheq8t0ms6lfkz85f4vh1ob1pm5g5rc.jpeg\" alt=\"OLYMPUS DIGITAL CAMERA\" \/><\/figure><\/a><\/div><div class=\"swiper-slide\" role=\"group\" aria-roledescription=\"slide\" aria-label=\"3 von 14\"><a data-elementor-open-lightbox=\"yes\" data-elementor-lightbox-slideshow=\"136822e\" data-elementor-lightbox-title=\"belbex_003\" data-e-action-hash=\"#elementor-action%3Aaction%3Dlightbox%26settings%3DeyJpZCI6MjUyLCJ1cmwiOiJodHRwczpcL1wvd3d3LmJlbGJleC5iZVwvd3AtY29udGVudFwvdXBsb2Fkc1wvMjAyMlwvMTFcL2JlbGJleF8wMDMuanBlZyIsInNsaWRlc2hvdyI6IjEzNjgyMmUifQ%3D%3D\" href=\"https:\/\/www.belbex.be\/wp-content\/uploads\/2022\/11\/belbex_003.jpeg\"><figure class=\"swiper-slide-inner\"><img decoding=\"async\" class=\"swiper-slide-image\" src=\"https:\/\/www.belbex.be\/wp-content\/uploads\/elementor\/thumbs\/belbex_003-q11nwufwolylheq8t0ms6lfkz85f4vh1ob1pm5g5rc.jpeg\" alt=\"belbex_003\" \/><\/figure><\/a><\/div><div class=\"swiper-slide\" role=\"group\" aria-roledescription=\"slide\" aria-label=\"4 von 14\"><a data-elementor-open-lightbox=\"yes\" data-elementor-lightbox-slideshow=\"136822e\" data-elementor-lightbox-title=\"belbex_004\" data-e-action-hash=\"#elementor-action%3Aaction%3Dlightbox%26settings%3DeyJpZCI6MjU2LCJ1cmwiOiJodHRwczpcL1wvd3d3LmJlbGJleC5iZVwvd3AtY29udGVudFwvdXBsb2Fkc1wvMjAyMlwvMTFcL2JlbGJleF8wMDQuanBlZyIsInNsaWRlc2hvdyI6IjEzNjgyMmUifQ%3D%3D\" href=\"https:\/\/www.belbex.be\/wp-content\/uploads\/2022\/11\/belbex_004.jpeg\"><figure class=\"swiper-slide-inner\"><img decoding=\"async\" class=\"swiper-slide-image\" src=\"https:\/\/www.belbex.be\/wp-content\/uploads\/elementor\/thumbs\/belbex_004-q11nwufwolylheq8t0ms6lfkz85f4vh1ob1pm5g5rc.jpeg\" alt=\"belbex_004\" \/><\/figure><\/a><\/div><div class=\"swiper-slide\" role=\"group\" aria-roledescription=\"slide\" aria-label=\"5 von 14\"><a data-elementor-open-lightbox=\"yes\" data-elementor-lightbox-slideshow=\"136822e\" data-elementor-lightbox-title=\"belbex_005\" data-e-action-hash=\"#elementor-action%3Aaction%3Dlightbox%26settings%3DeyJpZCI6MjYwLCJ1cmwiOiJodHRwczpcL1wvd3d3LmJlbGJleC5iZVwvd3AtY29udGVudFwvdXBsb2Fkc1wvMjAyMlwvMTFcL2JlbGJleF8wMDUuanBlZyIsInNsaWRlc2hvdyI6IjEzNjgyMmUifQ%3D%3D\" href=\"https:\/\/www.belbex.be\/wp-content\/uploads\/2022\/11\/belbex_005.jpeg\"><figure class=\"swiper-slide-inner\"><img decoding=\"async\" class=\"swiper-slide-image\" src=\"https:\/\/www.belbex.be\/wp-content\/uploads\/elementor\/thumbs\/belbex_005-q11nwufwolylheq8t0ms6lfkz85f4vh1ob1pm5g5rc.jpeg\" alt=\"belbex_005\" \/><\/figure><\/a><\/div><div class=\"swiper-slide\" role=\"group\" aria-roledescription=\"slide\" aria-label=\"6 von 14\"><a data-elementor-open-lightbox=\"yes\" data-elementor-lightbox-slideshow=\"136822e\" data-elementor-lightbox-title=\"belbex_006\" data-e-action-hash=\"#elementor-action%3Aaction%3Dlightbox%26settings%3DeyJpZCI6MjY0LCJ1cmwiOiJodHRwczpcL1wvd3d3LmJlbGJleC5iZVwvd3AtY29udGVudFwvdXBsb2Fkc1wvMjAyMlwvMTFcL2JlbGJleF8wMDYuanBlZyIsInNsaWRlc2hvdyI6IjEzNjgyMmUifQ%3D%3D\" href=\"https:\/\/www.belbex.be\/wp-content\/uploads\/2022\/11\/belbex_006.jpeg\"><figure class=\"swiper-slide-inner\"><img decoding=\"async\" class=\"swiper-slide-image\" src=\"https:\/\/www.belbex.be\/wp-content\/uploads\/elementor\/thumbs\/belbex_006-q11nwufwolylheq8t0ms6lfkz85f4vh1ob1pm5g5rc.jpeg\" alt=\"belbex_006\" \/><\/figure><\/a><\/div><div class=\"swiper-slide\" role=\"group\" aria-roledescription=\"slide\" aria-label=\"7 von 14\"><a data-elementor-open-lightbox=\"yes\" data-elementor-lightbox-slideshow=\"136822e\" data-elementor-lightbox-title=\"belbex_007\" data-e-action-hash=\"#elementor-action%3Aaction%3Dlightbox%26settings%3DeyJpZCI6MjY4LCJ1cmwiOiJodHRwczpcL1wvd3d3LmJlbGJleC5iZVwvd3AtY29udGVudFwvdXBsb2Fkc1wvMjAyMlwvMTFcL2JlbGJleF8wMDcuanBlZyIsInNsaWRlc2hvdyI6IjEzNjgyMmUifQ%3D%3D\" href=\"https:\/\/www.belbex.be\/wp-content\/uploads\/2022\/11\/belbex_007.jpeg\"><figure class=\"swiper-slide-inner\"><img decoding=\"async\" class=\"swiper-slide-image\" src=\"https:\/\/www.belbex.be\/wp-content\/uploads\/elementor\/thumbs\/belbex_007-q11nwufwolylheq8t0ms6lfkz85f4vh1ob1pm5g5rc.jpeg\" alt=\"belbex_007\" \/><\/figure><\/a><\/div><div class=\"swiper-slide\" role=\"group\" aria-roledescription=\"slide\" aria-label=\"8 von 14\"><a data-elementor-open-lightbox=\"yes\" data-elementor-lightbox-slideshow=\"136822e\" data-elementor-lightbox-title=\"belbex_008\" data-e-action-hash=\"#elementor-action%3Aaction%3Dlightbox%26settings%3DeyJpZCI6MjcyLCJ1cmwiOiJodHRwczpcL1wvd3d3LmJlbGJleC5iZVwvd3AtY29udGVudFwvdXBsb2Fkc1wvMjAyMlwvMTFcL2JlbGJleF8wMDguanBlZyIsInNsaWRlc2hvdyI6IjEzNjgyMmUifQ%3D%3D\" href=\"https:\/\/www.belbex.be\/wp-content\/uploads\/2022\/11\/belbex_008.jpeg\"><figure class=\"swiper-slide-inner\"><img decoding=\"async\" class=\"swiper-slide-image\" src=\"https:\/\/www.belbex.be\/wp-content\/uploads\/elementor\/thumbs\/belbex_008-q11nwufwolylheq8t0ms6lfkz85f4vh1ob1pm5g5rc.jpeg\" alt=\"belbex_008\" \/><\/figure><\/a><\/div><div class=\"swiper-slide\" role=\"group\" aria-roledescription=\"slide\" aria-label=\"9 von 14\"><a data-elementor-open-lightbox=\"yes\" data-elementor-lightbox-slideshow=\"136822e\" data-elementor-lightbox-title=\"belbex_009\" data-e-action-hash=\"#elementor-action%3Aaction%3Dlightbox%26settings%3DeyJpZCI6Mjc2LCJ1cmwiOiJodHRwczpcL1wvd3d3LmJlbGJleC5iZVwvd3AtY29udGVudFwvdXBsb2Fkc1wvMjAyMlwvMTFcL2JlbGJleF8wMDkuanBlZyIsInNsaWRlc2hvdyI6IjEzNjgyMmUifQ%3D%3D\" href=\"https:\/\/www.belbex.be\/wp-content\/uploads\/2022\/11\/belbex_009.jpeg\"><figure class=\"swiper-slide-inner\"><img decoding=\"async\" class=\"swiper-slide-image\" src=\"https:\/\/www.belbex.be\/wp-content\/uploads\/elementor\/thumbs\/belbex_009-q11nwufwolylheq8t0ms6lfkz85f4vh1ob1pm5g5rc.jpeg\" alt=\"belbex_009\" \/><\/figure><\/a><\/div><div class=\"swiper-slide\" role=\"group\" aria-roledescription=\"slide\" aria-label=\"10 von 14\"><a data-elementor-open-lightbox=\"yes\" data-elementor-lightbox-slideshow=\"136822e\" data-elementor-lightbox-title=\"belbex_010\" data-e-action-hash=\"#elementor-action%3Aaction%3Dlightbox%26settings%3DeyJpZCI6MjgwLCJ1cmwiOiJodHRwczpcL1wvd3d3LmJlbGJleC5iZVwvd3AtY29udGVudFwvdXBsb2Fkc1wvMjAyMlwvMTFcL2JlbGJleF8wMTAuanBlZyIsInNsaWRlc2hvdyI6IjEzNjgyMmUifQ%3D%3D\" href=\"https:\/\/www.belbex.be\/wp-content\/uploads\/2022\/11\/belbex_010.jpeg\"><figure class=\"swiper-slide-inner\"><img decoding=\"async\" class=\"swiper-slide-image\" src=\"https:\/\/www.belbex.be\/wp-content\/uploads\/elementor\/thumbs\/belbex_010-q11nwufwolylheq8t0ms6lfkz85f4vh1ob1pm5g5rc.jpeg\" alt=\"belbex_010\" \/><\/figure><\/a><\/div><div class=\"swiper-slide\" role=\"group\" aria-roledescription=\"slide\" aria-label=\"11 von 14\"><a data-elementor-open-lightbox=\"yes\" data-elementor-lightbox-slideshow=\"136822e\" data-elementor-lightbox-title=\"belbex_011\" data-e-action-hash=\"#elementor-action%3Aaction%3Dlightbox%26settings%3DeyJpZCI6Mjg0LCJ1cmwiOiJodHRwczpcL1wvd3d3LmJlbGJleC5iZVwvd3AtY29udGVudFwvdXBsb2Fkc1wvMjAyMlwvMTFcL2JlbGJleF8wMTEuanBlZyIsInNsaWRlc2hvdyI6IjEzNjgyMmUifQ%3D%3D\" href=\"https:\/\/www.belbex.be\/wp-content\/uploads\/2022\/11\/belbex_011.jpeg\"><figure class=\"swiper-slide-inner\"><img decoding=\"async\" class=\"swiper-slide-image\" src=\"https:\/\/www.belbex.be\/wp-content\/uploads\/elementor\/thumbs\/belbex_011-q11nwufwolylheq8t0ms6lfkz85f4vh1ob1pm5g5rc.jpeg\" alt=\"belbex_011\" \/><\/figure><\/a><\/div><div class=\"swiper-slide\" role=\"group\" aria-roledescription=\"slide\" aria-label=\"12 von 14\"><a data-elementor-open-lightbox=\"yes\" data-elementor-lightbox-slideshow=\"136822e\" data-elementor-lightbox-title=\"belbex_012\" data-e-action-hash=\"#elementor-action%3Aaction%3Dlightbox%26settings%3DeyJpZCI6Mjg4LCJ1cmwiOiJodHRwczpcL1wvd3d3LmJlbGJleC5iZVwvd3AtY29udGVudFwvdXBsb2Fkc1wvMjAyMlwvMTFcL2JlbGJleF8wMTIuanBlZyIsInNsaWRlc2hvdyI6IjEzNjgyMmUifQ%3D%3D\" href=\"https:\/\/www.belbex.be\/wp-content\/uploads\/2022\/11\/belbex_012.jpeg\"><figure class=\"swiper-slide-inner\"><img decoding=\"async\" class=\"swiper-slide-image\" src=\"https:\/\/www.belbex.be\/wp-content\/uploads\/elementor\/thumbs\/belbex_012-q11nwufwolylheq8t0ms6lfkz85f4vh1ob1pm5g5rc.jpeg\" alt=\"belbex_012\" \/><\/figure><\/a><\/div><div class=\"swiper-slide\" role=\"group\" aria-roledescription=\"slide\" aria-label=\"13 von 14\"><a data-elementor-open-lightbox=\"yes\" data-elementor-lightbox-slideshow=\"136822e\" data-elementor-lightbox-title=\"belbex_013\" data-e-action-hash=\"#elementor-action%3Aaction%3Dlightbox%26settings%3DeyJpZCI6MjkyLCJ1cmwiOiJodHRwczpcL1wvd3d3LmJlbGJleC5iZVwvd3AtY29udGVudFwvdXBsb2Fkc1wvMjAyMlwvMTFcL2JlbGJleF8wMTMuanBlZyIsInNsaWRlc2hvdyI6IjEzNjgyMmUifQ%3D%3D\" href=\"https:\/\/www.belbex.be\/wp-content\/uploads\/2022\/11\/belbex_013.jpeg\"><figure class=\"swiper-slide-inner\"><img decoding=\"async\" class=\"swiper-slide-image\" src=\"https:\/\/www.belbex.be\/wp-content\/uploads\/elementor\/thumbs\/belbex_013-q11nwufwolylheq8t0ms6lfkz85f4vh1ob1pm5g5rc.jpeg\" alt=\"belbex_013\" \/><\/figure><\/a><\/div><div class=\"swiper-slide\" role=\"group\" aria-roledescription=\"slide\" aria-label=\"14 von 14\"><a data-elementor-open-lightbox=\"yes\" data-elementor-lightbox-slideshow=\"136822e\" data-elementor-lightbox-title=\"belbex_014\" data-e-action-hash=\"#elementor-action%3Aaction%3Dlightbox%26settings%3DeyJpZCI6Mjk2LCJ1cmwiOiJodHRwczpcL1wvd3d3LmJlbGJleC5iZVwvd3AtY29udGVudFwvdXBsb2Fkc1wvMjAyMlwvMTFcL2JlbGJleF8wMTQuanBlZyIsInNsaWRlc2hvdyI6IjEzNjgyMmUifQ%3D%3D\" href=\"https:\/\/www.belbex.be\/wp-content\/uploads\/2022\/11\/belbex_014.jpeg\"><figure class=\"swiper-slide-inner\"><img decoding=\"async\" class=\"swiper-slide-image\" src=\"https:\/\/www.belbex.be\/wp-content\/uploads\/elementor\/thumbs\/belbex_014-q11nwufwolylheq8t0ms6lfkz85f4vh1ob1pm5g5rc.jpeg\" alt=\"belbex_014\" \/><\/figure><\/a><\/div>\t\t\t<\/div>\n\t\t\t\t\t\t\t\t\t\t\t\t<div class=\"elementor-swiper-button elementor-swiper-button-prev\" role=\"button\" tabindex=\"0\">\n\t\t\t\t\t\t<i aria-hidden=\"true\" class=\"eicon-chevron-left\"><\/i>\t\t\t\t\t<\/div>\n\t\t\t\t\t<div class=\"elementor-swiper-button elementor-swiper-button-next\" role=\"button\" tabindex=\"0\">\n\t\t\t\t\t\t<i aria-hidden=\"true\" class=\"eicon-chevron-right\"><\/i>\t\t\t\t\t<\/div>\n\t\t\t\t\n\t\t\t\t\t\t\t\t\t<div class=\"swiper-pagination\"><\/div>\n\t\t\t\t\t\t\t\t\t<\/div>\n\t\t\t\t\t\t<\/div>\n\t\t\t\t<\/div>\n\t\t\t\t\t<\/div>\n\t\t<\/div>\n\t\t\t\t\t<\/div>\n\t\t<\/section>\n\t\t\t\t<section class=\"elementor-section elementor-top-section elementor-element elementor-element-e43e14d elementor-section-height-min-height elementor-section-boxed elementor-section-height-default elementor-section-items-middle\" data-id=\"e43e14d\" data-element_type=\"section\" id=\"leden\" data-settings=\"{&quot;background_background&quot;:&quot;classic&quot;}\">\n\t\t\t\t\t\t<div class=\"elementor-container elementor-column-gap-default\">\n\t\t\t\t\t<div class=\"elementor-column elementor-col-50 elementor-top-column elementor-element elementor-element-81a9641\" data-id=\"81a9641\" data-element_type=\"column\">\n\t\t\t<div class=\"elementor-widget-wrap elementor-element-populated\">\n\t\t\t\t\t\t<div class=\"elementor-element elementor-element-a0f5e11 elementor-widget elementor-widget-heading\" data-id=\"a0f5e11\" data-element_type=\"widget\" data-widget_type=\"heading.default\">\n\t\t\t\t<div class=\"elementor-widget-container\">\n\t\t\t\t\t<h2 class=\"elementor-heading-title elementor-size-default\">Belbex-Mitglieder<\/h2>\t\t\t\t<\/div>\n\t\t\t\t<\/div>\n\t\t\t\t\t<\/div>\n\t\t<\/div>\n\t\t\t\t<div class=\"elementor-column elementor-col-50 elementor-top-column elementor-element elementor-element-b174405\" data-id=\"b174405\" data-element_type=\"column\">\n\t\t\t<div class=\"elementor-widget-wrap elementor-element-populated\">\n\t\t\t\t\t\t<div class=\"elementor-element elementor-element-d1ca7ce elementor-widget elementor-widget-text-editor\" data-id=\"d1ca7ce\" data-element_type=\"widget\" data-widget_type=\"text-editor.default\">\n\t\t\t\t<div class=\"elementor-widget-container\">\n\t\t\t\t\t\t\t\t\t<p>Nachstehend finden Sie die Liste unserer Mitglieder. Durch Anklicken des Firmennamens k\u00f6nnen Sie die individuellen Portraits hochladen.\u00a0<\/p>\t\t\t\t\t\t\t\t<\/div>\n\t\t\t\t<\/div>\n\t\t\t\t\t<\/div>\n\t\t<\/div>\n\t\t\t\t\t<\/div>\n\t\t<\/section>\n\t\t\t\t<section class=\"elementor-section elementor-top-section elementor-element elementor-element-6f33f01 elementor-section-full_width elementor-section-height-default elementor-section-height-default\" data-id=\"6f33f01\" data-element_type=\"section\">\n\t\t\t\t\t\t<div class=\"elementor-container elementor-column-gap-no\">\n\t\t\t\t\t<div class=\"elementor-column elementor-col-100 elementor-top-column elementor-element elementor-element-7d1c87a\" data-id=\"7d1c87a\" data-element_type=\"column\">\n\t\t\t<div class=\"elementor-widget-wrap elementor-element-populated\">\n\t\t\t\t\t\t<div class=\"elementor-element elementor-element-f34193c elementor-widget elementor-widget-shortcode\" data-id=\"f34193c\" data-element_type=\"widget\" data-widget_type=\"shortcode.default\">\n\t\t\t\t<div class=\"elementor-widget-container\">\n\t\t\t\t\t\t\t<div class=\"elementor-shortcode\"><section id=\"view-members\"><div id=\"map-wrapper\">\n\t\t<div id=\"infomarker\">\n\t\t\t<h2>Unsere mitglieder<\/h2>\n\t\t\t<div id=\"searchwrapper\"><input type=\"text\" id=\"search\" \/><\/div>\n\t\t\t<div class=\"list\"><ul id=\"memberlist\"><li data-mid=\"567\"><\/li><li data-mid=\"524\">AARBOMEX<\/li><li data-mid=\"534\">ADM GREENTRADERS<\/li><li data-mid=\"546\">ALLAERT<\/li><li data-mid=\"556\">BOGAERT<\/li><li data-mid=\"579\">BOWECO<\/li><li data-mid=\"589\">CALLE STEVEN<\/li><li data-mid=\"594\">CALLE-PLANT<\/li><li data-mid=\"836\">DE BRUYN<\/li><li data-mid=\"604\">DE NOLF<\/li><li data-mid=\"609\">DE WINTER<\/li><li data-mid=\"619\">FLEUR<\/li><li data-mid=\"629\">FLORALUX NV<\/li><li data-mid=\"639\">FLORARBO<\/li><li data-mid=\"649\">HERPLANT<\/li><li data-mid=\"659\">HEYEVELD NV<\/li><li data-mid=\"669\">O-TREES<\/li><li data-mid=\"681\">PLANT SELECT<\/li><li data-mid=\"826\">PLANTURA<\/li><li data-mid=\"691\">RAHOENS MICHAEL<\/li><li data-mid=\"701\">RIMBAUT<\/li><li data-mid=\"712\">SYLVA<\/li><li data-mid=\"722\">VAN DER AUWERA<\/li><li data-mid=\"732\">VAN HERREWEGHE JOHAN<\/li><li data-mid=\"742\">VAN PELT<\/li><li data-mid=\"748\">VAN POECKE &#038; ZN<\/li><li data-mid=\"759\">WEYMEERSCH<\/li><li data-mid=\"769\">WILLAERT N.V.<\/li><\/ul><\/div>\n\t\t\t<div class=\"content\"><div class=\"item\" id=\"member_567\">\n\t\t\t\t\t\t\t     \t<h3><\/h3>\n\t\t\t\t\t\t\t     \t<p>Raymond Bontinck<\/p>\n\t\t\t\t\t\t\t     \t<p>Dendermondsesteenweg 106<br>9260 Schellebelle<\/p>\n\t\t\t\t\t\t\t     \t<p>+32 9 369 03 79;+32 9 369 91 65<\/br>\n\t\t\t\t\t\t\t     \t+32 9 368 22 28 (fax)<\/br>\n\t\t\t\t\t\t\t     \tbontinck.gebr@skynet.be<\/br>\n\t\t\t\t\t\t\t     \t<a href=\"http:\/\/www.bontinck-bvba.com\" target=\"_blank\">www.bontinck-bvba.com<\/a><\/p>\n\t\t\t\t\t\t\t     \t<p><img decoding=\"async\" src=\"https:\/\/www.belbex.be\/wp-content\/uploads\/2022\/11\/bontincklogo.gif\"><\/p>\n\t\t\t\t\t\t\t     \t<div><p><strong>Vorstellung &#8211; Spezialit\u00e4ten<\/strong><\/p>\n<p>Die Gebr\u00fcder Bontinck GmbH wurde im Jahre 1940 gegr\u00fcndet und war spezialisiert auf Obstb\u00e4ume und Rosen. Die gegenw\u00e4rtige Fl\u00e4che betr\u00e4gt 40 ha und es werden nur Obstb\u00e4ume und Alleeb\u00e4ume angebaut.<\/p>\n<p>Das Sortiment enth\u00e4lt: Acer, Aesculus, Alnus, Betula, Carpinus, Crataegus, Fagus, Fraxinus, Malus, Prunus, Sorbus und Tilia (2- und 3mal verpflanzte B\u00e4ume).<\/p>\n<\/div>\n\t\t\t\t\t\t\t  <\/div><div class=\"item\" id=\"member_524\">\n\t\t\t\t\t\t\t     \t<h3>AARBOMEX<\/h3>\n\t\t\t\t\t\t\t     \t<p>Roger Vanderstuyft<\/p>\n\t\t\t\t\t\t\t     \t<p>Doornstraat 47B<br>9260 Serskamp<\/p>\n\t\t\t\t\t\t\t     \t<p>+32 9 369 73 59<\/br>\n\t\t\t\t\t\t\t     \t+32 9 369 79 98 (fax)<\/br>\n\t\t\t\t\t\t\t     \tinfo@aarbomex.be<\/br>\n\t\t\t\t\t\t\t     \t<a href=\"http:\/\/www.aarbomex.be\" target=\"_blank\">www.aarbomex.be<\/a><\/p>\n\t\t\t\t\t\t\t     \t<p><img decoding=\"async\" src=\"https:\/\/www.belbex.be\/wp-content\/uploads\/2022\/11\/aarbomex.jpg\"><\/p>\n\t\t\t\t\t\t\t     \t<div><p>Unsere in 1952 gegr\u00fcndete Baumschule blickt auf eine langj\u00e4hrige Familientradition zur\u00fcck. Im Laufe der Jahre hat sich die Baumschule AARBOMEX in ein Export Unternehmen von mehr als 45 ha entwickelt.<\/p>\n<p>Zu unseren Kunden geh\u00f6ren Baumschulen, Gartencenter und GaLaBau unternehmen in \u00fcber 30 L\u00e4ndern in West-und Osteuropa sowie in Asien.<\/p>\n<p>AARBOMEX\u00a0 Spezialit\u00e4ten sind junge Laubb\u00e4ume zum Weiterkultivieren, Alleeb\u00e4ume \u00a0und Solit\u00e4rgeh\u00f6lze f\u00fcr Gr\u00fcnprojekte und Gartenanlagen.<\/p>\n<p><strong>Es lohnt sich, unsere Baumschule nach vorheriger Absprache zu besuchen!<\/strong><\/p>\n<p><strong>Katalog auf Anfrage<\/strong><\/p>\n<ul>\n<li>Alleeb\u00e4ume<\/li>\n<li>Koniferen<\/li>\n<li>Laubgeh\u00f6lze<\/li>\n<li>Roses<\/li>\n<li>Solitairgeh\u00f6lze<\/li>\n<li>Stauden<\/li>\n<\/ul>\n<\/div>\n\t\t\t\t\t\t\t  <\/div><div class=\"item\" id=\"member_534\">\n\t\t\t\t\t\t\t     \t<h3>ADM GREENTRADERS<\/h3>\n\t\t\t\t\t\t\t     \t<p><\/p>\n\t\t\t\t\t\t\t     \t<p>Veldeken 44a bus 2<br>9240 Zele<\/p>\n\t\t\t\t\t\t\t     \t<p>+32 52 44 94 19<\/br>\n\t\t\t\t\t\t\t     \t+32 52 45 09 86 (fax)<\/br>\n\t\t\t\t\t\t\t     \tinfo@greentraders.be<\/br>\n\t\t\t\t\t\t\t     \t<a href=\"http:\/\/www.greentraders.be\" target=\"_blank\">www.greentraders.be<\/a><\/p>\n\t\t\t\t\t\t\t     \t<p><img decoding=\"async\" src=\"https:\/\/www.belbex.be\/wp-content\/uploads\/2022\/11\/logo_greentraders_horizontal_20180704-1024x301-1.jpg\"><\/p>\n\t\t\t\t\t\t\t     \t<div><h2>2 f\u00fchrende Baumschule fusionieren<\/h2>\n<p><strong>ADM Greentraders bvba\u00a0<\/strong>Urspr\u00fcnglich entstanden aus 2 bekannter Belgische Baumschulen. Einerseits die Anrob nv das Familienbetrieb der Familie De Vlieger aus Zele, gegr\u00fcndet 1990, anderseits die Bvba De Martelaer das Familiebetrieb aus Zelzate gegr\u00fcndet 1988. Beide gesch\u00e4tzte erfolgreiche Unternehmen teile die gleiche Vision und Leidenschaft: Ihnen ein hochwertiges Endprodukt mit einem ausgezeichneten Preis-Leistungs-Verh\u00e4ltnis zu liefern. Die engere Zusammenarbeit f\u00fchrte Anfang 2018 zum Zusammenschluss beider Unternehmen. Um diese Partnerschaft zu unterstreichen, wurde am 1 Juli 2018 der neue gemeinsame Markenname \u201e<strong>GREENTRADERS\u00a0<\/strong>by Anrob \u2013 De Martelaer\u201c geschaffen.<\/p>\n<p>Die beiden Produktionsstandorte, Zele und Zelzate, verf\u00fcgen zusammen \u00fcber eine Gesamtfl\u00e4che von ca. 50 Ha. Das mit<\/p>\n<p>Leidenschaft, Sorgfalt und langj\u00e4hrige Erfahrung angebautes Gro\u00dfes Sortiment an 2- bis 4-fach verpflanzten Alleen-, Park- und Zierb\u00e4umen, unsere Baumschulen entspricht die H\u00f6chste Qualit\u00e4t. Bei unseren hoch Qualitative Handelsaktivit\u00e4ten steht die richtige pers\u00f6nliche Unterst\u00fctzung, sowohl die Bereitstellung einer breiten Palette von Pflanzen- und Gartenbaumaterialien im Mittelpunkt. Dies um Ihnen den \u00d6ffentlicher Dienst, den Landschaftsg\u00e4rtner, dass Gartenbau-Unternehmen oder das Gartenzentrum, jeder f\u00fcr seine Ziele und oder Projekte, eine europaweite Gesamtl\u00f6sung an zu bieten. Ein Team von motivierte\u00a0<strong>GREENTRADER\u00a0<\/strong>Mitarbeitern setzt t\u00e4glich die neuesten Techniken ein, Sie als Anbieter, die qualitativ hochwertiger gr\u00fcner Produkten mit einen Fokus auf Service und Respekt f\u00fcr Nachhaltigkeit und Umwelt zu etablieren.<\/p>\n<p>green products.<\/p>\n<p><a href=\"https:\/\/www.youtube.com\/watch?v=RpWDVIkIFx0\" target=\"_blank\" rel=\"noopener\" data-cke-saved-href=\"https:\/\/www.youtube.com\/watch?v=RpWDVIkIFx0\"><img decoding=\"async\" src=\"http:\/\/belbex.be\/images\/youtube.png\" data-cke-saved-src=\"http:\/\/belbex.be\/images\/youtube.png\" \/><\/a><\/p>\n<\/div>\n\t\t\t\t\t\t\t  <\/div><div class=\"item\" id=\"member_546\">\n\t\t\t\t\t\t\t     \t<h3>ALLAERT<\/h3>\n\t\t\t\t\t\t\t     \t<p><\/p>\n\t\t\t\t\t\t\t     \t<p>Predikherenstraat 20a<br>8750 Wingene<\/p>\n\t\t\t\t\t\t\t     \t<p>+32 51 65 50 33<\/br>\n\t\t\t\t\t\t\t     \t+32 51 65 72 17 (fax)<\/br>\n\t\t\t\t\t\t\t     \tinfo@allaert-nurseries.be<\/br>\n\t\t\t\t\t\t\t     \t<a href=\"http:\/\/info@allaert-nurseries.be\" target=\"_blank\">info@allaert-nurseries.be<\/a><\/p>\n\t\t\t\t\t\t\t     \t<p><img decoding=\"async\" src=\"https:\/\/www.belbex.be\/wp-content\/uploads\/2022\/11\/20181113-allaert-logo.jpeg\"><\/p>\n\t\t\t\t\t\t\t     \t<div><p>Die Baumschule Allaert ist eine der f\u00fchrenden belgischen Baumschulen, die sich auf das Z\u00fcchten von wurzelnackten Wald- und Heckenpflanzen, Koniferen und bl\u00fchenden Stauden spezialisiert hat. Die Pflanzen werden aus Saat oder Stecklingen produziert und sind bei Lieferung 1 bis 4 Jahre alt. Durch die Kombination von Tradition, Know-How und Pr\u00e4zision garantieren wir allerh\u00f6chste Qualit\u00e4tund einen perfekten Service.<\/p>\n<\/div>\n\t\t\t\t\t\t\t  <\/div><div class=\"item\" id=\"member_556\">\n\t\t\t\t\t\t\t     \t<h3>BOGAERT<\/h3>\n\t\t\t\t\t\t\t     \t<p>Koen Bogaert<\/p>\n\t\t\t\t\t\t\t     \t<p>Berg 26<br>9860 Balegem<\/p>\n\t\t\t\t\t\t\t     \t<p>+32 9 362 63 61;+32 475 63 63 98<\/br>\n\t\t\t\t\t\t\t     \t+32 9 362 49 18 (fax)<\/br>\n\t\t\t\t\t\t\t     \tinfo@boomkwekerij-bogaert.be<\/br>\n\t\t\t\t\t\t\t     \t<a href=\"http:\/\/www.boomkwekerij-bogaert.be\" target=\"_blank\">www.boomkwekerij-bogaert.be<\/a><\/p>\n\t\t\t\t\t\t\t     \t<p><img decoding=\"async\" src=\"https:\/\/www.belbex.be\/wp-content\/uploads\/2022\/11\/bogaertlogo.gif\"><\/p>\n\t\t\t\t\t\t\t     \t<div><p>Jos\u00e9 Bogaert hatte schon immer die gr\u00f6\u00dfte Hochachtung vor Pflanzen und hat daher im Jahre 1967 die Baumschule Bogaert gegr\u00fcndet. Er spezialisierte sich auf Rosen, Obstb\u00e4ume und Hecken.<\/p>\n<p>1994 folgte Koen Bogaert seinem Vater; er hat sich vor allem im Anbau von Zierb\u00e4umen mit Qualit\u00e4tszertifikat und Hecken spezialisiert. Die Umwelt ist uns wichtig. Wir tragen Sorge zur Umwelt und f\u00fcr uns ist es von wesentlicher Bedeutung den Standards der A-Norm zu entsprechen. Aus diesem Grund befinden sich die mit Obstb\u00e4umen bepflanzten Landparzellen im Umkreis von f\u00fcnf Kilometer von der Baumschule entfernt. Da die Abst\u00e4nde klein sind, sind wir in der Lage einen schnellen Service zu gew\u00e4hrleisten und k\u00f6nnen Ihre Anforderungen und W\u00fcnsche leichter erf\u00fcllen. Das Unternehmen befindet sich nahe der N42 in Richtung E40.<\/p>\n<p>2016 ist Laurens Bogaert dem Unternehmen beigetreten und im gleichen Jahr wurde die Baumzucht De Moor \u00fcbernommen. Jetzt pflegen wir eine 65 Hektar gro\u00dfe mit B\u00e4umen bepflanzte Fl\u00e4che und sind erfreut, alle Ihre Belange erf\u00fcllen zu k\u00f6nnen.<\/p>\n<p>Wir sind in der Lieferung von Pflanzen, B\u00e4umen und Str\u00e4uchern spezialisiert. Dar\u00fcber hinaus erledigen wir \u00f6ffentliche Arbeiten wie die Schneer\u00e4umung. Im Laufe der Jahre haben wir unseren Maschinenpark ausgebaut und modernisiert, um den bestm\u00f6glichen Service und die h\u00f6chste Qualit\u00e4t garantieren zu k\u00f6nnen.<\/p>\n<p>F\u00fcr mehr Informationen besuchen Sie bitte unsere Webseite.<\/p>\n<p><a href=\"https:\/\/https\/\/www.youtube.com\/watch?v=ZhYDY-TbdpI\" target=\"_blank\" rel=\"noopener\" data-cke-saved-href=\"https:\/\/https:\/\/www.youtube.com\/watch?v=ZhYDY-TbdpI\"><img decoding=\"async\" src=\"http:\/\/belbex.be\/images\/youtube.png\" data-cke-saved-src=\"http:\/\/belbex.be\/images\/youtube.png\" \/><\/a><\/p>\n<\/div>\n\t\t\t\t\t\t\t  <\/div><div class=\"item\" id=\"member_579\">\n\t\t\t\t\t\t\t     \t<h3>BOWECO<\/h3>\n\t\t\t\t\t\t\t     \t<p>Jan Van Herreweghe<\/p>\n\t\t\t\t\t\t\t     \t<p>Dendermondsesteenweg 114<br>9260 Schellebelle<\/p>\n\t\t\t\t\t\t\t     \t<p>+32 475 70 53 95<\/br>\n\t\t\t\t\t\t\t     \t0032 93682130 (fax)<\/br>\n\t\t\t\t\t\t\t     \tinfo@boweco.be<\/br>\n\t\t\t\t\t\t\t     \t<a href=\"http:\/\/www.boweco.be\" target=\"_blank\">www.boweco.be<\/a><\/p>\n\t\t\t\t\t\t\t     \t<p><img decoding=\"async\" src=\"https:\/\/www.belbex.be\/wp-content\/uploads\/2022\/11\/boweco.png\"><\/p>\n\t\t\t\t\t\t\t     \t<div><p><a href=\"https:\/\/www.youtube.com\/watch?v=5a3M49kHFJ8\" target=\"_blank\" rel=\"noopener\" data-cke-saved-href=\"https:\/\/www.youtube.com\/watch?v=5a3M49kHFJ8\"><img decoding=\"async\" src=\"http:\/\/belbex.be\/images\/youtube.png\" data-cke-saved-src=\"http:\/\/belbex.be\/images\/youtube.png\" \/><\/a><\/p>\n<\/div>\n\t\t\t\t\t\t\t  <\/div><div class=\"item\" id=\"member_589\">\n\t\t\t\t\t\t\t     \t<h3>CALLE STEVEN<\/h3>\n\t\t\t\t\t\t\t     \t<p>Steven Calle<\/p>\n\t\t\t\t\t\t\t     \t<p>Smetledestraat 55<br>9230 Wetteren<\/p>\n\t\t\t\t\t\t\t     \t<p>+32 9 369.02.37<\/br>\n\t\t\t\t\t\t\t     \t+32 9 369 74 09 (fax)<\/br>\n\t\t\t\t\t\t\t     \tinfo@callesteven.be<\/br>\n\t\t\t\t\t\t\t     \t<a href=\"http:\/\/www.callesteven.be\" target=\"_blank\">www.callesteven.be<\/a><\/p>\n\t\t\t\t\t\t\t     \t<p><img decoding=\"async\" src=\"https:\/\/www.belbex.be\/wp-content\/uploads\/2022\/11\/calle-steven.jpeg\"><\/p>\n\t\t\t\t\t\t\t     \t<div><p><u>Vorstellung \u2013 Spezialit\u00e4ten<\/u><\/p>\n<p>Die Baumschule Steven Calle -gegr\u00fcndet im Jahre 1895- ist ein wichtiger Produzent von Zierpflanzen und Obstb\u00e4ume in Belgien. Schon seit vier Generationen werden die Berufskenntnisse von Vater auf Sohn weiter- gegeben. Der Betriebsleiter, Steven Calle, hat seine Kenntnisse noch durch eine dreij\u00e4hrige Ausbildung in England, Frankreich und Deutschland vervollst\u00e4ndigt.<br \/>\nDie Baumschule ist fortschrittlich sowohl in Mechanisierung wie in Zuchtmethoden. 30 ha der besten Grundst\u00fccke werden bebaut und der beste Kundendienst wird von einer zehnk\u00f6pfigen Gruppe garantiert.<br \/>\nEine grosse Verschiedenheit von b\u00e4ume und str\u00e4ucher. Das Veredeln von Obst- und Zierb\u00e4ume und von Rosen gescheht mit gr\u00f6sster Sorgfalt. Qualit\u00e4t und Pflanzenartechtheit sind dabei immer am wichtigsten. Wir z\u00fcchten Str\u00e4ucher sowie halb- und hochst\u00e4mmige Pflanzen.<br \/>\nBesucher sind immer willkommen. Bitte telefonisch ank\u00fcndigen.<\/p>\n<p><u>Spezialit\u00e4ten<\/u><\/p>\n<ul>\n<li>Wir sind Grossproduzent einer breiten Auswahl:<\/li>\n<li>Obstb\u00e4ume: Hochstamm, Halbstamm und Busch<\/li>\n<li>Beerenobst<\/li>\n<li>Zierstr\u00e4ucher und -b\u00e4ume<\/li>\n<li>rote- und gr\u00fcne Haseln\u00fcsse<\/li>\n<li>Koniferen<\/li>\n<li>Rosen<\/li>\n<li>Heckenpflanzen<\/li>\n<\/ul>\n<\/div>\n\t\t\t\t\t\t\t  <\/div><div class=\"item\" id=\"member_594\">\n\t\t\t\t\t\t\t     \t<h3>CALLE-PLANT<\/h3>\n\t\t\t\t\t\t\t     \t<p>Jan Calle<\/p>\n\t\t\t\t\t\t\t     \t<p>Serskampsteenweg 286<br>9230 Wetteren<\/p>\n\t\t\t\t\t\t\t     \t<p>+32 9 369.19.46<\/br>\n\t\t\t\t\t\t\t     \t (fax)<\/br>\n\t\t\t\t\t\t\t     \tinfo@calleplant.be<\/br>\n\t\t\t\t\t\t\t     \t<a href=\"http:\/\/www.calleplant.be\" target=\"_blank\">www.calleplant.be<\/a><\/p>\n\t\t\t\t\t\t\t     \t<p><img decoding=\"async\" src=\"\"><\/p>\n\t\t\t\t\t\t\t     \t<div><\/div>\n\t\t\t\t\t\t\t  <\/div><div class=\"item\" id=\"member_836\">\n\t\t\t\t\t\t\t     \t<h3>DE BRUYN<\/h3>\n\t\t\t\t\t\t\t     \t<p><\/p>\n\t\t\t\t\t\t\t     \t<p>Vennestraat 6a <br>3130 Begijnendijk<\/p>\n\t\t\t\t\t\t\t     \t<p>+32 16 56 14 27<\/br>\n\t\t\t\t\t\t\t     \t+32 16 57 07 55 (fax)<\/br>\n\t\t\t\t\t\t\t     \tinfo@boomkwekerij-debruyn.com<\/br>\n\t\t\t\t\t\t\t     \t<a href=\"http:\/\/www.boomkwekerij-debruyn.com \" target=\"_blank\">www.boomkwekerij-debruyn.com <\/a><\/p>\n\t\t\t\t\t\t\t     \t<p><img decoding=\"async\" src=\"https:\/\/www.belbex.be\/wp-content\/uploads\/2022\/11\/image26-55.png\"><\/p>\n\t\t\t\t\t\t\t     \t<div><\/div>\n\t\t\t\t\t\t\t  <\/div><div class=\"item\" id=\"member_604\">\n\t\t\t\t\t\t\t     \t<h3>DE NOLF<\/h3>\n\t\t\t\t\t\t\t     \t<p>Willy De Nolf<\/p>\n\t\t\t\t\t\t\t     \t<p>Drogenboomstraat 49<br>8790 Waregem<\/p>\n\t\t\t\t\t\t\t     \t<p>+32 56 62 11 11<\/br>\n\t\t\t\t\t\t\t     \t+32 56 62 11 10 (fax)<\/br>\n\t\t\t\t\t\t\t     \twilly@denolf.com<\/br>\n\t\t\t\t\t\t\t     \t<a href=\"http:\/\/www.denolf.com\" target=\"_blank\">www.denolf.com<\/a><\/p>\n\t\t\t\t\t\t\t     \t<p><img decoding=\"async\" src=\"https:\/\/www.belbex.be\/wp-content\/uploads\/2022\/11\/denolflogo.gif\"><\/p>\n\t\t\t\t\t\t\t     \t<div><p><strong>Vorstellung &#8211; Spezialit\u00e4ten<\/strong><\/p>\n<ul>\n<li>13 ha Containerpflanzen<\/li>\n<li>eigene Produktion<\/li>\n<li>Schling- und Kletterpflanzen, Str\u00e4ucher, Koniferen und Rarit\u00e4ten<\/li>\n<li>einfach zu finden: Autobahn E17 Antwerpen-Gent-Kortrijk<\/li>\n<\/ul>\n<\/div>\n\t\t\t\t\t\t\t  <\/div><div class=\"item\" id=\"member_609\">\n\t\t\t\t\t\t\t     \t<h3>DE WINTER<\/h3>\n\t\t\t\t\t\t\t     \t<p>Joost De Winter;Paul De Winter<\/p>\n\t\t\t\t\t\t\t     \t<p>Jabekestraat 96<br>9230 Wetteren<\/p>\n\t\t\t\t\t\t\t     \t<p>+32 9 369 58 28;+32 478 52 07 65<\/br>\n\t\t\t\t\t\t\t     \t+32 9 369 56 41 (fax)<\/br>\n\t\t\t\t\t\t\t     \tbomen.dewinter@skynet.be<\/br>\n\t\t\t\t\t\t\t     \t<a href=\"http:\/\/www.boomkwekerijdewinter.be\" target=\"_blank\">www.boomkwekerijdewinter.be<\/a><\/p>\n\t\t\t\t\t\t\t     \t<p><img decoding=\"async\" src=\"\"><\/p>\n\t\t\t\t\t\t\t     \t<div><\/div>\n\t\t\t\t\t\t\t  <\/div><div class=\"item\" id=\"member_619\">\n\t\t\t\t\t\t\t     \t<h3>FLEUR<\/h3>\n\t\t\t\t\t\t\t     \t<p>Jeroen Boudewyn<\/p>\n\t\t\t\t\t\t\t     \t<p>Proostdieststraat 17<br>8980 Beselare<\/p>\n\t\t\t\t\t\t\t     \t<p>+32 57 46 80 00<\/br>\n\t\t\t\t\t\t\t     \t+32 57 46 75 00 (fax)<\/br>\n\t\t\t\t\t\t\t     \twww.fleurproshop.com<\/br>\n\t\t\t\t\t\t\t     \t<a href=\"http:\/\/www.fleur.be \" target=\"_blank\">www.fleur.be <\/a><\/p>\n\t\t\t\t\t\t\t     \t<p><img decoding=\"async\" src=\"https:\/\/www.belbex.be\/wp-content\/uploads\/2022\/11\/Fleur-professional-green-partner-300x104.jpg\"><\/p>\n\t\t\t\t\t\t\t     \t<div><\/div>\n\t\t\t\t\t\t\t  <\/div><div class=\"item\" id=\"member_629\">\n\t\t\t\t\t\t\t     \t<h3>FLORALUX NV<\/h3>\n\t\t\t\t\t\t\t     \t<p>Francis Duytschaever<\/p>\n\t\t\t\t\t\t\t     \t<p>Meensesteenweg 225<br>8890 Dadizele<\/p>\n\t\t\t\t\t\t\t     \t<p>0032 (0)56 50 93 63<\/br>\n\t\t\t\t\t\t\t     \t (fax)<\/br>\n\t\t\t\t\t\t\t     \tf.duytschaever@floralux.be<\/br>\n\t\t\t\t\t\t\t     \t<a href=\"http:\/\/www.floralux.be\" target=\"_blank\">www.floralux.be<\/a><\/p>\n\t\t\t\t\t\t\t     \t<p><img decoding=\"async\" src=\"https:\/\/www.belbex.be\/wp-content\/uploads\/2022\/11\/floralux.jpeg\"><\/p>\n\t\t\t\t\t\t\t     \t<div><p>Floralux in Dadizele ist Belgiens gr\u00f6\u00dftes Zentrum f\u00fcr Gartengestaltung und Dekoration mit einer bereits 60-j\u00e4hrigen Erfahrung. Das Gesch\u00e4ft hat eine Fl\u00e4che von 25.000 m\u00b2 und einen Parkplatz f\u00fcr 1500 Fahrzeuge. J\u00e4hrlich z\u00e4hlt Floralux 2 Millionen belgische und franz\u00f6sische Besucher.<\/p>\n<p>Die gr\u00f6\u00dften Tr\u00fcmpfe, welche das Gartenzentrum aufweist, sind die riesige Auswahl an Produkten zu konkurrierenden Preisen und die Tatsache, dass sich alles unter einem Dach befindet. Outdoor-Pflanzen k\u00f6nnen im Cabrio-Gew\u00e4chshaus erworben werden und an regnerischen Tagen k\u00f6nnen Sie sogar auf angenehme Weise einkaufen. Neben einem Standardsortiment, das aus Str\u00e4uchern, B\u00e4umen, Heckenpflanzen, mehrj\u00e4hrigen Pflanzen, Bodendeckern, Ziergr\u00e4sern, Koniferen und Rosenstr\u00e4uchern besteht, bietet Ihnen Floralux auch ein sehr umfangreiches Sortiment an Saisonpflanzen.<\/p>\n<p>Der Kunde hat, was Zimmerpflanzen betrifft, immer eine unglaublich gro\u00dfe Auswahl an verschiedenen Orchideenarten. Au\u00dfer klassischen Zimmerpflanzen verf\u00fcgt Floralux auch \u00fcber eine besondere Abteilung f\u00fcr Kakteen und Bonsais.<\/p>\n<p>Gut zu wissen<\/p>\n<ul>\n<li>Einfuhr von Pflanzen aus den Niederlanden, Deutschland, Italien und Spanien<\/li>\n<li>Einkaufszentrale in FloraHolland<\/li>\n<li>Ganzj\u00e4hrig gesamtes Pflanzenangebot<\/li>\n<li>Ausfuhr nach Frankreich betr\u00e4gt 50%<\/li>\n<li>Gute Erreichbarkeit von Dadizele \u00fcber die Autobahn E 19, Ausfahrt Menin<\/li>\n<li>Hohes Ansehen in Nordfrankreich dank des Standorts nahe der Grenze.<\/li>\n<\/ul>\n<\/div>\n\t\t\t\t\t\t\t  <\/div><div class=\"item\" id=\"member_639\">\n\t\t\t\t\t\t\t     \t<h3>FLORARBO<\/h3>\n\t\t\t\t\t\t\t     \t<p>Luc Bonte<\/p>\n\t\t\t\t\t\t\t     \t<p>Haanhoutstraat 52<br>9080 Beervelde<\/p>\n\t\t\t\t\t\t\t     \t<p>+32 9 355 37 37<\/br>\n\t\t\t\t\t\t\t     \t+32 9 355 38 58 (fax)<\/br>\n\t\t\t\t\t\t\t     \tinfo@florarbo.com<\/br>\n\t\t\t\t\t\t\t     \t<a href=\"http:\/\/www.florarbo.com\" target=\"_blank\">www.florarbo.com<\/a><\/p>\n\t\t\t\t\t\t\t     \t<p><img decoding=\"async\" src=\"https:\/\/www.belbex.be\/wp-content\/uploads\/2022\/11\/florarbologo.gif\"><\/p>\n\t\t\t\t\t\t\t     \t<div><p><strong>Vorstellung &#8211; Spezialit\u00e4ten<\/strong><\/p>\n<p>FlorArbo besch\u00e4ftigt sich haupts\u00e4chlich mit dem Export nach Deutschland, die Schweiz und \u00d6sterreich, von Qualit\u00e4tsbaumschulware.<\/p>\n<p>Wir verlegen uns besonders darauf, in Container gewachsene Pflanzen: Heckekoniferen, Azalea Japonica, Rhododendron, Erica &amp; Calluna, immergr\u00fcne und bl\u00fchende Zierstra\u00fccher, Rosen (auch Beutelrosen), Dekorations- und Balkonpflanzen, Stauden, Bamboe und Gr\u00e4ser&#8230; frachtfrei Haus zu liefern, selbst in kleinen Mengen.<\/p>\n<p>\u201cQualit\u00e4t ist unsere Priorit\u00e4t\u201d, sowohl in unserem Produktengamma wie auch in unserer Verst\u00e4ndigung mit Kunden, Lieferanten, Transporunternehment:<\/p>\n<p>Durch ein vorz\u00fcglisches Zusammenwirken mit den besten Produktionsbetrieben k\u00f6nnen wir Jahr f\u00fcr Jahr ein st\u00e4ndiges Assortiment anbieten , in gr\u00f6sseren Mengen und von der besten Qualit\u00e4t:<\/p>\n<p>Sie als Kunde d\u00fcrfen sich darauf verlassen w\u00e4hrend des ganzes Jahres unsere Qualit\u00e4tsprodukte zu konkurrenzlosen Preisen bekommen zu k\u00f6nnen.<\/p>\n<p>Schnell und korrekt anliefern ist unser Trumpf dank unseres langj\u00e4hriges Zusammenwirken mit den besten Transportunternehmen wovon jedes spezialisiert ist in eine bestimmte Region Europas. Alle Pflanzen werden haupts\u00e4chlich in CC-Container verhandelt so dass die Qualit\u00e4t der Pflanzen, die Flexibilit\u00e4t und Geschwindigkeit der Lieferungen garantiert bleiben.<\/p>\n<p>Unsere Kundenbeziehung ist unsere Reklame!<\/p>\n<\/div>\n\t\t\t\t\t\t\t  <\/div><div class=\"item\" id=\"member_649\">\n\t\t\t\t\t\t\t     \t<h3>HERPLANT<\/h3>\n\t\t\t\t\t\t\t     \t<p><\/p>\n\t\t\t\t\t\t\t     \t<p>Lilsedijk 80<br>2340  Beerse<\/p>\n\t\t\t\t\t\t\t     \t<p>+32 14 61 20 52<\/br>\n\t\t\t\t\t\t\t     \t+32 14 61 75 45 (fax)<\/br>\n\t\t\t\t\t\t\t     \tinfo@herplant.be<\/br>\n\t\t\t\t\t\t\t     \t<a href=\"http:\/\/www.herplant.be\" target=\"_blank\">www.herplant.be<\/a><\/p>\n\t\t\t\t\t\t\t     \t<p><img decoding=\"async\" src=\"https:\/\/www.belbex.be\/wp-content\/uploads\/2022\/11\/herplant.jpeg\"><\/p>\n\t\t\t\t\t\t\t     \t<div><\/div>\n\t\t\t\t\t\t\t  <\/div><div class=\"item\" id=\"member_659\">\n\t\t\t\t\t\t\t     \t<h3>HEYEVELD NV<\/h3>\n\t\t\t\t\t\t\t     \t<p>Leon Peters \/ Jan Nijs<\/p>\n\t\t\t\t\t\t\t     \t<p>Steenweg 114<br>B-3665 As<\/p>\n\t\t\t\t\t\t\t     \t<p>+32 (0) 89\/51.98.00<\/br>\n\t\t\t\t\t\t\t     \t+32 (0) 89\/51.00.78 (fax)<\/br>\n\t\t\t\t\t\t\t     \tinfo@heyeveld.be<\/br>\n\t\t\t\t\t\t\t     \t<a href=\"http:\/\/heyeveld.be\" target=\"_blank\">heyeveld.be<\/a><\/p>\n\t\t\t\t\t\t\t     \t<p><img decoding=\"async\" src=\"https:\/\/www.belbex.be\/wp-content\/uploads\/2022\/11\/heyeveld.jpeg\"><\/p>\n\t\t\t\t\t\t\t     \t<div><\/div>\n\t\t\t\t\t\t\t  <\/div><div class=\"item\" id=\"member_669\">\n\t\t\t\t\t\t\t     \t<h3>O-TREES<\/h3>\n\t\t\t\t\t\t\t     \t<p>Peter Ooms<\/p>\n\t\t\t\t\t\t\t     \t<p>Henxbroekweg 9<br>2960 Brecht<\/p>\n\t\t\t\t\t\t\t     \t<p>+32 495 251 658<\/br>\n\t\t\t\t\t\t\t     \t (fax)<\/br>\n\t\t\t\t\t\t\t     \tinfo@o-trees.be<\/br>\n\t\t\t\t\t\t\t     \t<a href=\"http:\/\/www.o-trees.be\" target=\"_blank\">www.o-trees.be<\/a><\/p>\n\t\t\t\t\t\t\t     \t<p><img decoding=\"async\" src=\"https:\/\/www.belbex.be\/wp-content\/uploads\/2022\/11\/logoO-TREES.jpeg\"><\/p>\n\t\t\t\t\t\t\t     \t<div><\/div>\n\t\t\t\t\t\t\t  <\/div><div class=\"item\" id=\"member_681\">\n\t\t\t\t\t\t\t     \t<h3>PLANT SELECT<\/h3>\n\t\t\t\t\t\t\t     \t<p><\/p>\n\t\t\t\t\t\t\t     \t<p>Sint-Lenaartsesteenweg 91<br>2310 Rijkevorsel<\/p>\n\t\t\t\t\t\t\t     \t<p>+32 3 340 28 70<\/br>\n\t\t\t\t\t\t\t     \t+32 3 340 28 90 (fax)<\/br>\n\t\t\t\t\t\t\t     \tinfo@plantselect.be<\/br>\n\t\t\t\t\t\t\t     \t<a href=\"http:\/\/www.plantselect.be\" target=\"_blank\">www.plantselect.be<\/a><\/p>\n\t\t\t\t\t\t\t     \t<p><img decoding=\"async\" src=\"https:\/\/www.belbex.be\/wp-content\/uploads\/2022\/11\/Logo_Plant_Select_Digitaal_Groen.jpeg\"><\/p>\n\t\t\t\t\t\t\t     \t<div><p><strong>Vorstellung &#8211; Spezialit\u00e4ten<\/strong><\/p>\n<p>Plant Select is eine 40-j\u00e4hrige Baumschule von hoher Qualit\u00e4t, die durch ihre grosse Auswahl an Bambus bekannt geworden ist. In den letzten Jahren wurde grosses Gewicht auf die Vergr\u00f6sserung des Sortiments an B\u00e4umen und Str\u00e4uchern gelegt. Das grosse Sortiment gibt Plant Select die M\u00f6glichkeit, allen Kundenw\u00fcnschen gerecht zu werden und auch grosse Mengen zu exportieren.<\/p>\n<p>Die Verwaltung und das Verteilerzentrum liegen in Rijkevorsel. Dort werden auch alle Aktivit\u00e4ten koordiniert. Die Pflanzen werden in Europa produziert und kommen aus Baumschulen von Belgien, den Niederlanden, Spanien und Frankreich.<\/p>\n<p>Die Produktion umfasst folgende Spezialisierungen:<\/p>\n<ul>\n<li>Bambus: 80 Arten in Produktion<\/li>\n<li>Buxus: alle Gr\u00f6ssen<\/li>\n<li>Taxus: alle Gr\u00f6ssen<\/li>\n<li>Hydrangea: 30 Arten in Produktion<\/li>\n<li>Hedera: alle Gr\u00f6ssen (gewachsen an Bambusst\u00e4ben)<\/li>\n<li>Ilex: 20 Arten in Containern und als Ballenware<\/li>\n<li>Zierstr\u00e4ucher: grosse Auswahl als Container- bzw. als Ballenware<\/li>\n<li>Alleeb\u00e4ume und Parkb\u00e4ume: grosses Sortiment<\/li>\n<\/ul>\n<p>Plant Select verbindet Qualit\u00e4t mit wettbewerbsf\u00e4higen Preisen. Wir handeln schnell und flexibel, um die W\u00fcnsche unserer Kunden zu befriedigen.<\/p>\n<p>Wir laden Sie ein, unsere Baumschulen jederzeit zu besuchen.<\/p>\n<p><a href=\"https:\/\/www.youtube.com\/watch?v=EvI_W3qFpMI\" target=\"_blank\" rel=\"noopener\" data-cke-saved-href=\"https:\/\/www.youtube.com\/watch?v=EvI_W3qFpMI\"><img decoding=\"async\" src=\"http:\/\/belbex.be\/images\/youtube.png\" data-cke-saved-src=\"http:\/\/belbex.be\/images\/youtube.png\" \/><\/a><\/p>\n<\/div>\n\t\t\t\t\t\t\t  <\/div><div class=\"item\" id=\"member_826\">\n\t\t\t\t\t\t\t     \t<h3>PLANTURA<\/h3>\n\t\t\t\t\t\t\t     \t<p>Dries Aerden<\/p>\n\t\t\t\t\t\t\t     \t<p>Hoekstraat 23 <br>B-3950 Bocholt<\/p>\n\t\t\t\t\t\t\t     \t<p>0032 473 50 87 78<\/br>\n\t\t\t\t\t\t\t     \t0032 89 39 15 71 (fax)<\/br>\n\t\t\t\t\t\t\t     \tinfo@plantura.be<\/br>\n\t\t\t\t\t\t\t     \t<a href=\"http:\/\/www.plantura.be\" target=\"_blank\">www.plantura.be<\/a><\/p>\n\t\t\t\t\t\t\t     \t<p><img decoding=\"async\" src=\"https:\/\/www.belbex.be\/wp-content\/uploads\/2022\/11\/image25-53-300x55.png\"><\/p>\n\t\t\t\t\t\t\t     \t<div><\/div>\n\t\t\t\t\t\t\t  <\/div><div class=\"item\" id=\"member_691\">\n\t\t\t\t\t\t\t     \t<h3>RAHOENS MICHAEL<\/h3>\n\t\t\t\t\t\t\t     \t<p>9860 Oosterzele<\/p>\n\t\t\t\t\t\t\t     \t<p>Roosbloemstraat 8b<br>9860 Oosterzele<\/p>\n\t\t\t\t\t\t\t     \t<p>+32 (0)9 362 01 35 \/ +32 (0)495 04 24 61<\/br>\n\t\t\t\t\t\t\t     \t+32 (0)9 362 06 95 (fax)<\/br>\n\t\t\t\t\t\t\t     \tinfo@boomkwekerijrahoens.be<\/br>\n\t\t\t\t\t\t\t     \t<a href=\"http:\/\/www.boomkwekerijrahoens.be\" target=\"_blank\">www.boomkwekerijrahoens.be<\/a><\/p>\n\t\t\t\t\t\t\t     \t<p><img decoding=\"async\" src=\"https:\/\/www.belbex.be\/wp-content\/uploads\/2022\/11\/rahoens.png\"><\/p>\n\t\t\t\t\t\t\t     \t<div><\/div>\n\t\t\t\t\t\t\t  <\/div><div class=\"item\" id=\"member_701\">\n\t\t\t\t\t\t\t     \t<h3>RIMBAUT<\/h3>\n\t\t\t\t\t\t\t     \t<p>Dhr. Freddy Rimbaut<\/p>\n\t\t\t\t\t\t\t     \t<p>Dendermondsesteenweg 114<br>9260 Schellebelle<\/p>\n\t\t\t\t\t\t\t     \t<p>+32 9 369 08 43<\/br>\n\t\t\t\t\t\t\t     \t+32 9 368 21 30 (fax)<\/br>\n\t\t\t\t\t\t\t     \tinfo@rimbaut.be<\/br>\n\t\t\t\t\t\t\t     \t<a href=\"http:\/\/www.rimbaut.be\" target=\"_blank\">www.rimbaut.be<\/a><\/p>\n\t\t\t\t\t\t\t     \t<p><img decoding=\"async\" src=\"https:\/\/www.belbex.be\/wp-content\/uploads\/2022\/11\/rimbautlogo.gif\"><\/p>\n\t\t\t\t\t\t\t     \t<div><p><strong>Vorstellung &#8211; Spezialit\u00e4ten<\/strong><\/p>\n<p>Die Gr\u00fcndung der Baumschule Rimbaut erfolgte im Jahre 1950 durch Sylvain Rimbaut. Die GmbH Rimbaut und S\u00f6hne wurde 1985 durch die beiden S\u00f6hne Freddy und Jacques errichtet.<\/p>\n<p><strong>Sorten und Anbaufl\u00e4chen<\/strong><br \/>\n30 ha Freiland Alleeb\u00e4ume und Obstb\u00e4ume, Laubgeh\u00f6lze, Heckenpflanzen, Koniferen, Rosen, Buxus, Taxus und Ilex. Wir sind spezialisiert in verschiedenen Koniferensorten (verpflanzte) von extra Qualit\u00e4t.<br \/>\n3 ha Topfpflanzen: Laubgeh\u00f6lze, Koniferen, Kletterpflanzen und Heidepflanzen.<\/p>\n<p><strong>Kunden<\/strong><br \/>\nGrossh\u00e4ndler Baumschulen, Gartenplaner und Gartengestaltung, Gartencenter.<\/p>\n<p><strong>Transport<\/strong><br \/>\nMit eigenem Lkw. oder durch Transportfirmen.<\/p>\n<p><strong>Unser Ziel<\/strong><br \/>\nEin breites und komplettes Sortiment von Qualit\u00e4tspflanzen zu liefern (einschliesslich seltene Sorten).<\/p>\n<\/div>\n\t\t\t\t\t\t\t  <\/div><div class=\"item\" id=\"member_712\">\n\t\t\t\t\t\t\t     \t<h3>SYLVA<\/h3>\n\t\t\t\t\t\t\t     \t<p>Tim Van Hulle<\/p>\n\t\t\t\t\t\t\t     \t<p>t Hand 10<br>9950 Waarschoot<\/p>\n\t\t\t\t\t\t\t     \t<p>+32 9 376 75 75<\/br>\n\t\t\t\t\t\t\t     \t+32 9 376 75 78 (fax)<\/br>\n\t\t\t\t\t\t\t     \tinfo@sylva.be<\/br>\n\t\t\t\t\t\t\t     \t<a href=\"http:\/\/www.sylva.eu\" target=\"_blank\">www.sylva.eu<\/a><\/p>\n\t\t\t\t\t\t\t     \t<p><img decoding=\"async\" src=\"https:\/\/www.belbex.be\/wp-content\/uploads\/2022\/11\/sylvalogo.gif\"><\/p>\n\t\t\t\t\t\t\t     \t<div><p>Die Baumschule Sylva ist auf den Anbau unde die Vermarktung von Forst- und Heckenpflanzen spezialisiert.<\/p>\n<p>Die Baumschule hat eine Fl\u00e4che von fast 85 Hektar und erzeugt ca. 20 Millionen Pflanzen.<\/p>\n<p>Sylva produziert mehr als 100 Baum- und Buscharten in der eigenen Baumschule. Die Hauptarten sind Buche, Eiche, Ahorn, Erle, Prunus, Pappeln und verschiedene Nadelgeh\u00f6lze wie z.B. Douglasie, Fichte, L\u00e4rche, Eiben, Kiefern, \u2026<\/p>\n<p>Ca. 20% der B\u00e4ume sind f\u00fcr den belgischen Markt vorgesehen. 80% werden in andere europ\u00e4ische L\u00e4nder und in die USA, Kanada, China und Nordafrika exportiert.<\/p>\n<p>Es gibt viele Gr\u00fcnde f\u00fcr die gute Qualit\u00e4t unserer Forst- und Heckenpflanzen: das milde Seeklima, die guten Sandb\u00f6den und ganz besonders die Wachstumsmethoden und die hohen Qualit\u00e4tsstandards f\u00fcr die Sortierung der Pflanzen. Damit die Beschaffenheit der Pflanzen nach dem Roden gut erhalten bleibt, haben wir 3 neue K\u00fchlh\u00e4user mit einen totalen Kapazit\u00e4t von 6000m\u00b3 erbauen lassen.<\/p>\n<p>Au\u00dferdem garantieren wir die genetische Qualit\u00e4t der Pflanzen, in dem wir unsere Rohstoffe bei auserw\u00e4hlten und genetisch hochwertigen Samenplantagen in ganz Europa einkaufen. Auf diese Weise k\u00f6nnen wir unseren Kunden Pflanzen anbieten, die den klimatischen Bedingungen gut angepasst sind, egal wo sie anschlie\u00dfend gepflanzt werden.<\/p>\n<p>Sylva steht f\u00fcr umweltfreundliche und nachhaltige Produktion. Seit 1997 ist Sylva Mitglied des MPS (Umweltprojekt des Zierpflanzenanbaus) und besitzt die Kennzeichnung MPS-A. Au\u00dferdem war Sylva eine der ersten Freiland-Baumschulen, die die Kennzeichnung MPS GAP (dies steht f\u00fcr gute landwirtschaftliche Praxis) erhielt.<\/p>\n<p>Im August 2009 wurde Sylva zum &#8218;belgischen Zierpflanzenbauer 2009&#8216; ernannt und in Zaragoza\/Spanien als &#8218;Internationaler Zierpflanzenbauer des Jahres 2009\u2019 ausgezeichnet.<\/p>\n<p><a href=\"https:\/\/www.youtube.com\/watch?v=TPCkAwl3RWY\" target=\"_blank\" rel=\"noopener\" data-cke-saved-href=\"https:\/\/www.youtube.com\/watch?v=TPCkAwl3RWY\"><img decoding=\"async\" src=\"http:\/\/belbex.be\/images\/youtube.png\" data-cke-saved-src=\"http:\/\/belbex.be\/images\/youtube.png\" \/><\/a><\/p>\n<\/div>\n\t\t\t\t\t\t\t  <\/div><div class=\"item\" id=\"member_722\">\n\t\t\t\t\t\t\t     \t<h3>VAN DER AUWERA<\/h3>\n\t\t\t\t\t\t\t     \t<p>Dries Van der Auwera<\/p>\n\t\t\t\t\t\t\t     \t<p>Reetsesteenweg 107<br>2630 Aartselaar<\/p>\n\t\t\t\t\t\t\t     \t<p>+32 3 887 59 03;+32 3 887 48 28<\/br>\n\t\t\t\t\t\t\t     \t (fax)<\/br>\n\t\t\t\t\t\t\t     \tinfo@vanderauwera.be<\/br>\n\t\t\t\t\t\t\t     \t<a href=\"http:\/\/www.vanderauwera.be\" target=\"_blank\">www.vanderauwera.be<\/a><\/p>\n\t\t\t\t\t\t\t     \t<p><img decoding=\"async\" src=\"https:\/\/www.belbex.be\/wp-content\/uploads\/2022\/11\/logo-vanderauwera.png\"><\/p>\n\t\t\t\t\t\t\t     \t<div><p><strong>Vorstellung &#8211; Spezialit\u00e4ten<\/strong><\/p>\n<p>Die Baumschule Van der Auwera BVBA in Aartselaar hat eine Fl\u00e4che von 40 Hektar. Die beiden Br\u00fcder Guy und Paul sind damit besch\u00e4ftigt. Sie stammen aus einer f\u00fchrenden Baumg\u00e4rtnerfamilie. Beide sind stolz darauf, dass ihr Vater der erste war, der 1970 mit Topfpflanzen angefangen hat. Schon damals hatte diese Baumschule Tradition. Gegr\u00fcndet wurde sie 1875 durch den Urgrossvater, der nur Obstb\u00e4ume verkaufte. Grossvater z\u00fcchtete neben Obstb\u00e4umen auch Str\u00e4ucher, und so ist die Baumschule das geworden, was sie jetzt ist: eine Baumschule mit einem sehr grossen Angebot und einer Spezialisierung in Alleeb\u00e4umen und Bambus.<\/p>\n<p>Paul und Guy arbeiten schon seit ihrem 18. Lebensjahr in der Baumschule. Beide haben als Praktikant in Orl\u00e9ans\/Frankreich gearbeitet. 1982 haben sie das Gesch\u00e4ft \u00fcbernommen. &#8222;Wir haben mehr als 250 Sorten Alleeb\u00e4ume in Vorrat, die gez\u00fcchtet werden auf 35 Hektar. Unsere Spezialisierung sind zweifach verpflanzte B\u00e4ume in den massen 8\/10\/12\/14. Weiter auch noch fast drei Hektar Topfpflanzen und ein breites Angebot an verschiedenen Bambus. Die ersten Bambus wurden 1975 in unserer Baumschule eingef\u00fchrt. Wir haben sie damals aus Italien und aus D\u00e4nemark bekommen. Aber es war besser, diese Pflanzen selbst zu z\u00fcchten. Damit haben wir eine genaue Kontrolle \u00fcber ihre Qualit\u00e4t.&#8220;<\/p>\n<p>Der G\u00e4rtnerei ist sehr g\u00fcnstig gelegen: in der N\u00e4he von Antwerpen. Durch das grosse Angebot und den \u00fcbersichtlichen Katalog ist diese G\u00e4rtnerei auch sehr einladend f\u00fcr Einzelpersonen. &#8222;Aber besonders der Grosshandel und Export l\u00e4uft auf vollen Touren. Heute verl\u00e4uft unser Umsatz zu Dreiviertel \u00fcber den Grosshandel.&#8220; Die meisten Pflanzen finden ihren Weg in:<\/p>\n<ul>\n<li>gr\u00f6ssere G\u00e4rtnereien<\/li>\n<li>Gemeinden<\/li>\n<li>andere Baumschulen im In- und Ausland<\/li>\n<li>Gartenanlagen<\/li>\n<\/ul>\n<p>&#8222;Unser Export steigt jedes Jahr, besonders weil wir unsere Alleeb\u00e4ume &#8218;up to date&#8216; z\u00fcchten.&#8220;<\/p>\n<p>&#8222;Ausserdem haben wir ein neues Pflanzenzentrum von 8.500 m2, wo auch f\u00fcr G\u00e4rtner alles vorhanden ist, was sie brauchen.&#8220;<\/p>\n<p><a href=\"https:\/\/www.youtube.com\/watch?v=SRs2PWjJF54&amp;t=33s\" target=\"_blank\" rel=\"noopener\" data-cke-saved-href=\"https:\/\/www.youtube.com\/watch?v=SRs2PWjJF54&amp;t=33s\"><img decoding=\"async\" src=\"http:\/\/belbex.be\/images\/youtube.png\" data-cke-saved-src=\"http:\/\/belbex.be\/images\/youtube.png\" \/><\/a><\/p>\n<\/div>\n\t\t\t\t\t\t\t  <\/div><div class=\"item\" id=\"member_732\">\n\t\t\t\t\t\t\t     \t<h3>VAN HERREWEGHE JOHAN<\/h3>\n\t\t\t\t\t\t\t     \t<p>Johan Van Herreweghe<\/p>\n\t\t\t\t\t\t\t     \t<p>Dendermondsesteenweg 120<br>9260 Schellebelle<\/p>\n\t\t\t\t\t\t\t     \t<p>+32 9 369 31 70<\/br>\n\t\t\t\t\t\t\t     \t+32 9 369 46 56 (fax)<\/br>\n\t\t\t\t\t\t\t     \tjvh@jvh-nurseries.com<\/br>\n\t\t\t\t\t\t\t     \t<a href=\"http:\/\/www.jvh-nurseries.com\" target=\"_blank\">www.jvh-nurseries.com<\/a><\/p>\n\t\t\t\t\t\t\t     \t<p><img decoding=\"async\" src=\"https:\/\/www.belbex.be\/wp-content\/uploads\/2022\/11\/vanherreweghejohanlogo.gif\"><\/p>\n\t\t\t\t\t\t\t     \t<div><p>Der zunehmenden Erfolg von der Export Baumschule Johan van Herreweghe ist gegrunded auf die Erfahrung aus vier Generationen.<\/p>\n<p>Im 1870 gr\u00fcndete Johans Ubergrossvater das Unternehmen. Dessen Enkel, Johans Vater Willem, trieb die Expansion der Firma voran. Auf der Suche nach neuen M\u00e4rkten reiste er bereits in den fr\u00fchen 50er Jahren des 20. Jahrhunderts nach Kanada in die Provinzen Quebec und Ontario. (Die Exportt\u00e4tigkeiten wurden zu dieser Zeit noch nicht von strengen Vorschriften wie beispielsweise das Waschen der Wurzeln behindert). Die Umbenennung des Unternehmens in &#8222;JHV- The Green Line&#8220; erfolgte in 1973.<\/p>\n<p>Seit 1980 besuchen Johan und seine Frau Godelieve ihre Kunden im Osten Kanadas und seit 1997 dehnen sie ihre Gesch\u00e4ftst\u00e4tigkeit zunehmend auch auf die Westk\u00fcste Kanadas und Britisch Columbia aus. Insbesondere auf den M\u00e4rkten in Britisch Columbia verzeichnet JVH ein deutliches Wachstum.<\/p>\n<p>Jedes Jahr im Fr\u00fchjahr und Sommer besucht Johan seine Kunden in ganz Europa, im August reist er regelm\u00e4ssig nach Kanada. Pers\u00f6nlicher Kontakt zu den Kunden ist f\u00fcr Johan der Schl\u00fcssel zum Verkaufserfolg. Er spricht mehrere Fremdsprachen und kann mit viele Kunden in deren jeweiligen Muttersprache kommunizieren. F\u00fcr sein Gesch\u00e4fte ist das ein grosses Plus und wird auch \u00fcberall gesch\u00e4tzt.<\/p>\n<p>JVH liefert heute Pflanzen in verschiedene europ\u00e4ische L\u00e4nder sowie nach Kanada, USA, Japan, China, Rusland, S\u00fcdafrika, in den Mittleren Osten, Turkei und nach Zentral- und S\u00fcdamerika. Johan van Herreweghe hat bereits jahrelange Erfahrung mit der Verschiffung von pflanzen, auch in die s\u00fcdliche Hemisph\u00e4re. Dort gilt es, eine zus\u00e4tzliche Herausforderung zu bestehen: die entgegengesetzten Jahreszeiten. Es werden z. B. Pflanzen aus der sommerlichen Nordhalbkugel in die winterliche S\u00fcdhalbkugel gebracht.<\/p>\n<p>In Anerkennung seiner einzigartigen und erfolgreichen Exporte nach S\u00fcdafrika wurde Johan zusammen mit 19 anderen sogenannten &#8222;Captains of Industry&#8220; vom belgischen Premierminister eingeladen, ihn auf seinem Staatsbesuch in S\u00fcdafrika zu begleiten. &#8222;Der eindrucksvollste offizielle Empfang war die Begr\u00fcssung durch den Nelson Mandela, den charismatischen ehemaligen Pr\u00e4sidenten S\u00fcdafrikas&#8220; erz\u00e4hlt Johan. &#8222;Diese ehrenvolle Einladung und das grosse Interesse der Medien hat auch unsere Kunden beeindruckt und unser Gesch\u00e4ft positiv beeinflusst.&#8220;<\/p>\n<p>Besuchen sie auch www.JVH-nurseries.com<br \/>\nDort erhalten Sie:<\/p>\n<ul>\n<li>reichhaltiges Sortiment und Spezialit\u00e4ten<\/li>\n<li>Sonderangebote<\/li>\n<li>Neuheiten und Bilder<\/li>\n<li>den neuesten JVHKatalog<\/li>\n<\/ul>\n<p>Copyright HORTWEST Canada &#8211; \u00fcbersetzung<\/p>\n<\/div>\n\t\t\t\t\t\t\t  <\/div><div class=\"item\" id=\"member_742\">\n\t\t\t\t\t\t\t     \t<h3>VAN PELT<\/h3>\n\t\t\t\t\t\t\t     \t<p>Paul Van Pelt<\/p>\n\t\t\t\t\t\t\t     \t<p>Lierbaan 194A<br>2580 Putte<\/p>\n\t\t\t\t\t\t\t     \t<p>+32 15 75.52.09<\/br>\n\t\t\t\t\t\t\t     \t+32 15 75 35 91 (fax)<\/br>\n\t\t\t\t\t\t\t     \tinfo@vanpeltnv.com<\/br>\n\t\t\t\t\t\t\t     \t<a href=\"http:\/\/www.vanpeltnv.com\" target=\"_blank\">www.vanpeltnv.com<\/a><\/p>\n\t\t\t\t\t\t\t     \t<p><img decoding=\"async\" src=\"https:\/\/www.belbex.be\/wp-content\/uploads\/2022\/11\/vanpeltlogo.gif\"><\/p>\n\t\t\t\t\t\t\t     \t<div><p><strong>Vorstellung &#8211; Spezialit\u00e4ten<\/strong><\/p>\n<p>1953 wurde die bekannte Baumschule &#8222;Joseph Op De Beeck&#8220; durch den Vater des heutigen Betriebsleiters, Anton Van Pelt, \u00fcbernommen. 1965 verlieh er dem Betrieb seinen eigenen Namen. Die Baumschule war damals 12 ha gross.<\/p>\n<p>Seit 1990 besch\u00e4ftigt der Betrieb 20 Arbeitnehmer auf \u00fcber 60 ha Anbaufl\u00e4che. Angebaut wird ein breites Sortiment Alleeb\u00e4ume und Rosenstr\u00e4ucher, Koniferen und Containerpflanzen. Daneben betreibt Betriebsleiter Paul Van Pelt den Einkauf zahlreicher Spezialit\u00e4ten.<\/p>\n<p>Abnehmer sind u.a. Garten- und Anlagengestalter, Garten- und Landschaftsarchitekten, Gemeindebeh\u00f6rden, \u00f6ffentliche Einrichtungen, Privatleute und ausl\u00e4ndische Baumschulen.<\/p>\n<p>Die Baum- und Rosenschulen Van Pelt liegen einen Kilometer von der Ortsmitte Putte entfernt. Sie sind f\u00fcr ihr umfangreiches Sortiment, ihre hervorragende Qualit\u00e4t und ihren vorbildlichen Service bekannt.<\/p>\n<p>Unsere Spezialit\u00e4ten:<\/p>\n<ul>\n<li>Alleeb\u00e4ume<\/li>\n<li>Containerpflanzen<\/li>\n<li>Solitairpflanzen<\/li>\n<li>Rosen:\n<ul>\n<li>Klassische Rosen<\/li>\n<li>Englische Rosen<\/li>\n<li>Sortiment MEILLAND \u00ae<\/li>\n<\/ul>\n<\/li>\n<\/ul>\n<\/div>\n\t\t\t\t\t\t\t  <\/div><div class=\"item\" id=\"member_748\">\n\t\t\t\t\t\t\t     \t<h3>VAN POECKE &#038; ZN<\/h3>\n\t\t\t\t\t\t\t     \t<p>Koen Van Poecke<\/p>\n\t\t\t\t\t\t\t     \t<p>Oude Wetterstraat 3a<br>9230 Wetteren<\/p>\n\t\t\t\t\t\t\t     \t<p>+32 9 369 21 21<\/br>\n\t\t\t\t\t\t\t     \t+32 9 366 04 70 (fax)<\/br>\n\t\t\t\t\t\t\t     \tinfo@vanpoecke-zn.be<\/br>\n\t\t\t\t\t\t\t     \t<a href=\"http:\/\/www.vanpoecke-zn.be\" target=\"_blank\">www.vanpoecke-zn.be<\/a><\/p>\n\t\t\t\t\t\t\t     \t<p><img decoding=\"async\" src=\"\"><\/p>\n\t\t\t\t\t\t\t     \t<div><\/div>\n\t\t\t\t\t\t\t  <\/div><div class=\"item\" id=\"member_759\">\n\t\t\t\t\t\t\t     \t<h3>WEYMEERSCH<\/h3>\n\t\t\t\t\t\t\t     \t<p>Paul Weymeersch<\/p>\n\t\t\t\t\t\t\t     \t<p>Serskampsteenweg 236<br>9230 Wetteren<\/p>\n\t\t\t\t\t\t\t     \t<p>+32 9 369 82 37<\/br>\n\t\t\t\t\t\t\t     \t+32 9 366 11 43 (fax)<\/br>\n\t\t\t\t\t\t\t     \tpaul.weymeersch@pandora.be<\/br>\n\t\t\t\t\t\t\t     \t<a href=\"http:\/\/\" target=\"_blank\"><\/a><\/p>\n\t\t\t\t\t\t\t     \t<p><img decoding=\"async\" src=\"https:\/\/www.belbex.be\/wp-content\/uploads\/2022\/11\/weymeersch.gif\"><\/p>\n\t\t\t\t\t\t\t     \t<div><\/div>\n\t\t\t\t\t\t\t  <\/div><div class=\"item\" id=\"member_769\">\n\t\t\t\t\t\t\t     \t<h3>WILLAERT N.V.<\/h3>\n\t\t\t\t\t\t\t     \t<p>H. Vandorpe<\/p>\n\t\t\t\t\t\t\t     \t<p>Hazegoedweg 5<br>8800 Roeselare<\/p>\n\t\t\t\t\t\t\t     \t<p>+32 51 24 13 44<\/br>\n\t\t\t\t\t\t\t     \t+32 51 22 53 61 (fax)<\/br>\n\t\t\t\t\t\t\t     \tinfo@willaert.be<\/br>\n\t\t\t\t\t\t\t     \t<a href=\"http:\/\/www.willaert.be\" target=\"_blank\">www.willaert.be<\/a><\/p>\n\t\t\t\t\t\t\t     \t<p><img decoding=\"async\" src=\"https:\/\/www.belbex.be\/wp-content\/uploads\/2022\/11\/willaertlogo.gif\"><\/p>\n\t\t\t\t\t\t\t     \t<div><p><strong>Vorstellung &#8211; Spezialit\u00e4ten<\/strong><\/p>\n<p>Die G\u00e4rtnerei Willaert hat eine jahrelange Erfahrung im Z\u00fcchten von Pflanzen, wodurch Ihnen eine ausgezeichnete Qualit\u00e4t angeboten werden kann. Ein umfangreiches Sortiment und eine schnelle Erledigung sind Massst\u00e4be in unserem Betrieb.<br \/>\nStauden, Zier-, Wasser-, Kletter- und Heckenpflanzen, Zierstr\u00e4ucher, Koniferen, Bambus, Zier-, Obst- und Alleeb\u00e4ume in allen m\u00f6glichen Massen und Formen stehen jederzeit zu Ihrer Verf\u00fcgung.<br \/>\nDie Pflanzen stehen alphabetisch geordnet auf einer Fl\u00e4che von 12 Hektar in Schattenhallen, Plastiktreibh\u00e4usern oder unter freiem Himmel.<br \/>\nDas Willaert-Team garantiert Ihnen st\u00e4ndig ein \u00e4usserst g\u00fcnstiges Verh\u00e4ltnis Preis\/Qualit\u00e4t und sachkundige Beratung zu jeder Pflanze.<br \/>\nUnser eigener Transportservice steht bereit, um Ihre Bestellungen p\u00fcnktlich und gepflegt zu erledigen.<br \/>\nBesuchen Sie uns und entdecken Sie vor Ort, was sich hinter dem Namen Willaert verbirgt:<br \/>\n&#8222;Ein Profi f\u00fcr Profis&#8220;.<\/p>\n<\/div>\n\t\t\t\t\t\t\t  <\/div><\/div>\n\t\t\t<div class=\"close\"><\/div>\n\t\t<\/div>\n\t\t<div id=\"map\"><\/div>\n\t<\/div><\/section><\/div>\n\t\t\t\t\t\t<\/div>\n\t\t\t\t<\/div>\n\t\t\t\t\t<\/div>\n\t\t<\/div>\n\t\t\t\t\t<\/div>\n\t\t<\/section>\n\t\t\t\t<section class=\"elementor-section elementor-top-section elementor-element elementor-element-77c532f elementor-reverse-tablet elementor-reverse-mobile elementor-section-boxed elementor-section-height-default elementor-section-height-default\" data-id=\"77c532f\" data-element_type=\"section\" id=\"contact\" data-settings=\"{&quot;background_background&quot;:&quot;classic&quot;}\">\n\t\t\t\t\t\t<div class=\"elementor-container elementor-column-gap-default\">\n\t\t\t\t\t<div class=\"elementor-column elementor-col-50 elementor-top-column elementor-element elementor-element-9a95701\" data-id=\"9a95701\" data-element_type=\"column\">\n\t\t\t<div class=\"elementor-widget-wrap elementor-element-populated\">\n\t\t\t\t\t\t<div class=\"elementor-element elementor-element-768648c elementor-widget elementor-widget-heading\" data-id=\"768648c\" data-element_type=\"widget\" data-widget_type=\"heading.default\">\n\t\t\t\t<div class=\"elementor-widget-container\">\n\t\t\t\t\t<h2 class=\"elementor-heading-title elementor-size-default\">Kontaktieren\nSie uns<\/h2>\t\t\t\t<\/div>\n\t\t\t\t<\/div>\n\t\t\t\t<div class=\"elementor-element elementor-element-4c84303 elementor-button-align-stretch elementor-widget elementor-widget-form\" data-id=\"4c84303\" data-element_type=\"widget\" data-settings=\"{&quot;step_next_label&quot;:&quot;Next&quot;,&quot;step_previous_label&quot;:&quot;Previous&quot;,&quot;button_width&quot;:&quot;100&quot;,&quot;step_type&quot;:&quot;number_text&quot;,&quot;step_icon_shape&quot;:&quot;circle&quot;}\" data-widget_type=\"form.default\">\n\t\t\t\t<div class=\"elementor-widget-container\">\n\t\t\t\t\t\t\t<form class=\"elementor-form\" method=\"post\" name=\"New Form\">\n\t\t\t<input type=\"hidden\" name=\"post_id\" value=\"410\"\/>\n\t\t\t<input type=\"hidden\" name=\"form_id\" value=\"4c84303\"\/>\n\t\t\t<input type=\"hidden\" name=\"referer_title\" value=\"\" \/>\n\n\t\t\t\n\t\t\t<div class=\"elementor-form-fields-wrapper elementor-labels-above\">\n\t\t\t\t\t\t\t\t<div class=\"elementor-field-type-text elementor-field-group elementor-column elementor-field-group-name elementor-col-100 elementor-field-required\">\n\t\t\t\t\t\t\t\t\t\t\t\t<label for=\"form-field-name\" class=\"elementor-field-label\">\n\t\t\t\t\t\t\t\tIhren Namen\t\t\t\t\t\t\t<\/label>\n\t\t\t\t\t\t\t\t\t\t\t\t\t\t<input size=\"1\" type=\"text\" name=\"form_fields[name]\" id=\"form-field-name\" class=\"elementor-field elementor-size-sm  elementor-field-textual\" required=\"required\">\n\t\t\t\t\t\t\t\t\t\t\t<\/div>\n\t\t\t\t\t\t\t\t<div class=\"elementor-field-type-email elementor-field-group elementor-column elementor-field-group-email elementor-col-100 elementor-field-required\">\n\t\t\t\t\t\t\t\t\t\t\t\t<label for=\"form-field-email\" class=\"elementor-field-label\">\n\t\t\t\t\t\t\t\tEmail\t\t\t\t\t\t\t<\/label>\n\t\t\t\t\t\t\t\t\t\t\t\t\t\t<input size=\"1\" type=\"email\" name=\"form_fields[email]\" id=\"form-field-email\" class=\"elementor-field elementor-size-sm  elementor-field-textual\" required=\"required\">\n\t\t\t\t\t\t\t\t\t\t\t<\/div>\n\t\t\t\t\t\t\t\t<div class=\"elementor-field-type-text elementor-field-group elementor-column elementor-field-group-field_74a569e elementor-col-100\">\n\t\t\t\t\t\t\t\t\t\t\t\t<label for=\"form-field-field_74a569e\" class=\"elementor-field-label\">\n\t\t\t\t\t\t\t\tBetreff\t\t\t\t\t\t\t<\/label>\n\t\t\t\t\t\t\t\t\t\t\t\t\t\t<input size=\"1\" type=\"text\" name=\"form_fields[field_74a569e]\" id=\"form-field-field_74a569e\" class=\"elementor-field elementor-size-sm  elementor-field-textual\">\n\t\t\t\t\t\t\t\t\t\t\t<\/div>\n\t\t\t\t\t\t\t\t<div class=\"elementor-field-type-textarea elementor-field-group elementor-column elementor-field-group-message elementor-col-100 elementor-field-required\">\n\t\t\t\t\t\t\t\t\t\t\t\t<label for=\"form-field-message\" class=\"elementor-field-label\">\n\t\t\t\t\t\t\t\tNachricht\t\t\t\t\t\t\t<\/label>\n\t\t\t\t\t\t<textarea class=\"elementor-field-textual elementor-field  elementor-size-sm\" name=\"form_fields[message]\" id=\"form-field-message\" rows=\"4\" required=\"required\"><\/textarea>\t\t\t\t<\/div>\n\t\t\t\t\t\t\t\t<div class=\"elementor-field-type-recaptcha_v3 elementor-field-group elementor-column elementor-field-group-field_d42270e elementor-col-100 recaptcha_v3-bottomright\">\n\t\t\t\t\t<div class=\"elementor-field\" id=\"form-field-field_d42270e\"><div class=\"elementor-g-recaptcha\" data-sitekey=\"6Lf9ULsjAAAAAAe2dg46hv4qR4PFBNb2bLIaiRBF\" data-type=\"v3\" data-action=\"Form\" data-badge=\"bottomright\" data-size=\"invisible\"><\/div><\/div>\t\t\t\t<\/div>\n\t\t\t\t\t\t\t\t<div class=\"elementor-field-group elementor-column elementor-field-type-submit elementor-col-100 e-form__buttons\">\n\t\t\t\t\t<button class=\"elementor-button elementor-size-sm\" type=\"submit\">\n\t\t\t\t\t\t<span class=\"elementor-button-content-wrapper\">\n\t\t\t\t\t\t\t\t\t\t\t\t\t\t\t\t\t\t\t\t\t\t<span class=\"elementor-button-text\">Senden<\/span>\n\t\t\t\t\t\t\t\t\t\t\t\t\t<\/span>\n\t\t\t\t\t<\/button>\n\t\t\t\t<\/div>\n\t\t\t<\/div>\n\t\t<\/form>\n\t\t\t\t\t\t<\/div>\n\t\t\t\t<\/div>\n\t\t\t\t\t<\/div>\n\t\t<\/div>\n\t\t\t\t<div class=\"elementor-column elementor-col-50 elementor-top-column elementor-element elementor-element-8ef38fb\" data-id=\"8ef38fb\" data-element_type=\"column\">\n\t\t\t<div class=\"elementor-widget-wrap elementor-element-populated\">\n\t\t\t\t\t\t<section class=\"elementor-section elementor-inner-section elementor-element elementor-element-d2a9154 elementor-section-boxed elementor-section-height-default elementor-section-height-default\" data-id=\"d2a9154\" data-element_type=\"section\">\n\t\t\t\t\t\t<div class=\"elementor-container elementor-column-gap-no\">\n\t\t\t\t\t<div class=\"elementor-column elementor-col-50 elementor-inner-column elementor-element elementor-element-766107f\" data-id=\"766107f\" data-element_type=\"column\">\n\t\t\t<div class=\"elementor-widget-wrap elementor-element-populated\">\n\t\t\t\t\t\t<div class=\"elementor-element elementor-element-1b8cf2f elementor-widget elementor-widget-image\" data-id=\"1b8cf2f\" data-element_type=\"widget\" data-widget_type=\"image.default\">\n\t\t\t\t<div class=\"elementor-widget-container\">\n\t\t\t\t\t\t\t\t\t\t\t\t\t\t\t<img decoding=\"async\" src=\"https:\/\/www.belbex.be\/wp-content\/uploads\/elementor\/thumbs\/Jan-Vancayzeele-q11nwufu04ncociw14m56lb7b8ek4fkcvxqvbsu85s.jpeg\" title=\"Jan-Vancayzeele\" alt=\"Jan-Vancayzeele\" loading=\"lazy\" \/>\t\t\t\t\t\t\t\t\t\t\t\t\t\t\t<\/div>\n\t\t\t\t<\/div>\n\t\t\t\t\t<\/div>\n\t\t<\/div>\n\t\t\t\t<div class=\"elementor-column elementor-col-50 elementor-inner-column elementor-element elementor-element-42e8cfd\" data-id=\"42e8cfd\" data-element_type=\"column\">\n\t\t\t<div class=\"elementor-widget-wrap elementor-element-populated\">\n\t\t\t\t\t\t<div class=\"elementor-element elementor-element-19fdb83 elementor-widget elementor-widget-heading\" data-id=\"19fdb83\" data-element_type=\"widget\" data-widget_type=\"heading.default\">\n\t\t\t\t<div class=\"elementor-widget-container\">\n\t\t\t\t\t<h3 class=\"elementor-heading-title elementor-size-default\">Jan Vancayzeele<\/h3>\t\t\t\t<\/div>\n\t\t\t\t<\/div>\n\t\t\t\t<div class=\"elementor-element elementor-element-39b94f0 elementor-widget elementor-widget-text-editor\" data-id=\"39b94f0\" data-element_type=\"widget\" data-widget_type=\"text-editor.default\">\n\t\t\t\t<div class=\"elementor-widget-container\">\n\t\t\t\t\t\t\t\t\t<p>Sekretariat<\/p><p><a href=\"mailto:info@belbex.be\">info@belbex.be<\/a><\/p><p>Bei kommerziellen Fragen wenden Sie sich bitte direkt an unsere Mitglieder.<\/p>\t\t\t\t\t\t\t\t<\/div>\n\t\t\t\t<\/div>\n\t\t\t\t\t<\/div>\n\t\t<\/div>\n\t\t\t\t\t<\/div>\n\t\t<\/section>\n\t\t\t\t<section class=\"elementor-section elementor-inner-section elementor-element elementor-element-882efbb elementor-section-boxed elementor-section-height-default elementor-section-height-default\" data-id=\"882efbb\" data-element_type=\"section\">\n\t\t\t\t\t\t<div class=\"elementor-container elementor-column-gap-no\">\n\t\t\t\t\t<div class=\"elementor-column elementor-col-50 elementor-inner-column elementor-element elementor-element-a1527b5\" data-id=\"a1527b5\" data-element_type=\"column\">\n\t\t\t<div class=\"elementor-widget-wrap elementor-element-populated\">\n\t\t\t\t\t\t<div class=\"elementor-element elementor-element-7d423aa elementor-widget elementor-widget-image\" data-id=\"7d423aa\" data-element_type=\"widget\" data-widget_type=\"image.default\">\n\t\t\t\t<div class=\"elementor-widget-container\">\n\t\t\t\t\t\t\t\t\t\t\t\t\t\t\t<img decoding=\"async\" src=\"https:\/\/www.belbex.be\/wp-content\/uploads\/elementor\/thumbs\/bestuur-q11nwufu04n3gvpykw7jce6p503o1s6bpv9ueywhla.jpeg\" title=\"bestuur\" alt=\"bestuur\" loading=\"lazy\" \/>\t\t\t\t\t\t\t\t\t\t\t\t\t\t\t<\/div>\n\t\t\t\t<\/div>\n\t\t\t\t\t<\/div>\n\t\t<\/div>\n\t\t\t\t<div class=\"elementor-column elementor-col-50 elementor-inner-column elementor-element elementor-element-b87822c\" data-id=\"b87822c\" data-element_type=\"column\">\n\t\t\t<div class=\"elementor-widget-wrap elementor-element-populated\">\n\t\t\t\t\t\t<div class=\"elementor-element elementor-element-0c5ca99 elementor-widget elementor-widget-heading\" data-id=\"0c5ca99\" data-element_type=\"widget\" data-widget_type=\"heading.default\">\n\t\t\t\t<div class=\"elementor-widget-container\">\n\t\t\t\t\t<h3 class=\"elementor-heading-title elementor-size-default\">Gesch\u00e4ftsleitung<\/h3>\t\t\t\t<\/div>\n\t\t\t\t<\/div>\n\t\t\t\t<div class=\"elementor-element elementor-element-d0e808c elementor-widget elementor-widget-text-editor\" data-id=\"d0e808c\" data-element_type=\"widget\" data-widget_type=\"text-editor.default\">\n\t\t\t\t<div class=\"elementor-widget-container\">\n\t\t\t\t\t\t\t\t\t<p>Lucas De Nolf<br \/>Schatzmeister und Vizepr\u00e4sident des Haushalts<br \/><br \/>Tim Van Hulle<br \/><em>Pr\u00e4sident<br \/><\/em><br \/>Koen De Martelaer<br \/>Vizepr\u00e4sident des Haushalts<br \/><br \/><\/p>\t\t\t\t\t\t\t\t<\/div>\n\t\t\t\t<\/div>\n\t\t\t\t<div class=\"elementor-element elementor-element-cf9b52c elementor-widget elementor-widget-image\" data-id=\"cf9b52c\" data-element_type=\"widget\" data-widget_type=\"image.default\">\n\t\t\t\t<div class=\"elementor-widget-container\">\n\t\t\t\t\t\t\t\t\t\t\t\t\t\t\t\t<a href=\"https:\/\/www.youtube.com\/channel\/UC4Mz5hDpWekkjTPdvrCB9qw\" target=\"_blank\">\n\t\t\t\t\t\t\t<img loading=\"lazy\" decoding=\"async\" width=\"380\" height=\"85\" src=\"https:\/\/www.belbex.be\/wp-content\/uploads\/2022\/11\/youtube.svg\" class=\"attachment-large size-large wp-image-304\" alt=\"\" \/>\t\t\t\t\t\t\t\t<\/a>\n\t\t\t\t\t\t\t\t\t\t\t\t\t\t\t<\/div>\n\t\t\t\t<\/div>\n\t\t\t\t\t<\/div>\n\t\t<\/div>\n\t\t\t\t\t<\/div>\n\t\t<\/section>\n\t\t\t\t\t<\/div>\n\t\t<\/div>\n\t\t\t\t\t<\/div>\n\t\t<\/section>\n\t\t\t\t<\/div>\n\t\t","protected":false},"excerpt":{"rendered":"<p>Belbex Belbex ist die Vereinigung belgischer exportorientierter Baumschulbetriebe. Diese Betriebe bieten Ihnen ein vollst\u00e4ndiges Sortiment Baumschulerzeugnisse: Zierpflanzen, Rosen, Forst- und Heckenpflanzen und Obstgeh\u00f6lze. Belbex vertritt die spezifischen wirtschaftlichen Interessen seiner Mitglieder. Belgische Qualit\u00e4t, Ihre Garantie Auf dem gro\u00dfen Marktplatz der kulturhistorischen Stadt Br\u00fcgge sorgten majest\u00e4tische Lorbeeren und Hydrangea Pinky Winky f\u00fcr ein gr\u00fcnes Spektakel. Eine [&hellip;]<\/p>\n","protected":false},"author":1,"featured_media":0,"parent":0,"menu_order":0,"comment_status":"closed","ping_status":"closed","template":"","meta":{"_acf_changed":false,"footnotes":""},"class_list":["post-410","page","type-page","status-publish","hentry"],"acf":[],"_links":{"self":[{"href":"https:\/\/www.belbex.be\/de\/wp-json\/wp\/v2\/pages\/410","targetHints":{"allow":["GET"]}}],"collection":[{"href":"https:\/\/www.belbex.be\/de\/wp-json\/wp\/v2\/pages"}],"about":[{"href":"https:\/\/www.belbex.be\/de\/wp-json\/wp\/v2\/types\/page"}],"author":[{"embeddable":true,"href":"https:\/\/www.belbex.be\/de\/wp-json\/wp\/v2\/users\/1"}],"replies":[{"embeddable":true,"href":"https:\/\/www.belbex.be\/de\/wp-json\/wp\/v2\/comments?post=410"}],"version-history":[{"count":21,"href":"https:\/\/www.belbex.be\/de\/wp-json\/wp\/v2\/pages\/410\/revisions"}],"predecessor-version":[{"id":1208,"href":"https:\/\/www.belbex.be\/de\/wp-json\/wp\/v2\/pages\/410\/revisions\/1208"}],"wp:attachment":[{"href":"https:\/\/www.belbex.be\/de\/wp-json\/wp\/v2\/media?parent=410"}],"curies":[{"name":"wp","href":"https:\/\/api.w.org\/{rel}","templated":true}]}}